{"id":2813,"date":"2021-03-15T15:02:56","date_gmt":"2021-03-15T13:02:56","guid":{"rendered":"https:\/\/illadelstrails.com\/?page_id=2813"},"modified":"2025-10-23T10:20:30","modified_gmt":"2025-10-23T08:20:30","slug":"clasificacion-puntuacion","status":"publish","type":"page","link":"https:\/\/illadelstrails.com\/ca\/clasificacion-puntuacion\/","title":{"rendered":"Clasificaci\u00f3: Puntuaci\u00f3"},"content":{"rendered":"<p>Les classificacions de cada nivell s\u00f3n independents dels altres nivells, i en cap cas s&#8217;acumularan punts d&#8217;un nivell superior o inferior.<\/p>\n<p>L&#8217;algoritme que s&#8217;aplicar\u00e0 per a calcular els punts de cada corredor de cadascun dels diferents nivells en la Illa dels Trails s&#8217;obtindr\u00e0 de l&#8217;equaci\u00f3 Temps del primer classificat entre temps de cada corredor, multiplicat pels punts de cada prova, que s\u00f3n 500 per al r\u00e0nquing 1, 300 per al r\u00e0nquing 2 i 200 per al r\u00e0nquing 3.<\/p>\n<p><strong>R\u00e0nking 1: Illa dels Trails Gold<\/strong><\/p>\n<p>30 km Trail del Nord<\/p>\n<p>46 km Trail dels Fars<\/p>\n<p>32 km October Trail<\/p>\n<p>En cada carrera hi haur\u00e0 un m\u00e0xim de 500 punts pel guanyador i guanyadora.<\/p>\n<p>La puntuaci\u00f3 final s&#8217;obtindr\u00e0 de les tres carreres fetes. Cada corredor\/a ha de participar en 3 proves per a puntuar.<\/p>\n<p><strong>R\u00e0nking 2: Illa dels Trails Silver<\/strong><\/p>\n<p>14 km Trail del Nord<\/p>\n<p>21 km Trail dels Fars<\/p>\n<p>19 km October Trail<\/p>\n<p>En cada carrera hi haur\u00e0 un m\u00e0xim de 300 punts per al guanyador.<\/p>\n<p>La puntuaci\u00f3 final s&#8217;obtindr\u00e0 de les tres carreres fetes. Cada corredor\/a ha de participar en 3 proves per puntuar.<\/p>\n<p><strong>R\u00e0nking 3: Illa dels Trails Bronze<\/strong><\/p>\n<p>12 km Trail dels Fars<\/p>\n<p>11 km October Trail<\/p>\n<p>En cada carrera hi haur\u00e0 un m\u00e0xim de 200 punts per al guanyador.<\/p>\n<p>La puntuaci\u00f3 final s&#8217;obtindr\u00e0 de les dues carreres fetes. Cada corredor\/a ha de participar en les 2 proves per a puntuar.<\/p>","protected":false},"excerpt":{"rendered":"<p>Les classificacions de cada nivell s\u00f3n independents dels altres nivells, i en cap cas s&#8217;acumularan punts d&#8217;un nivell superior o inferior. L&#8217;algoritme que s&#8217;aplicar\u00e0 per a calcular els punts de cada corredor de cadascun dels diferents nivells en la Illa dels Trails s&#8217;obtindr\u00e0 de l&#8217;equaci\u00f3 Temps del primer classificat entre temps de cada corredor, multiplicat [&hellip;]<\/p>\n","protected":false},"author":2,"featured_media":0,"parent":0,"menu_order":0,"comment_status":"closed","ping_status":"closed","template":"","meta":{"spay_email":"","footnotes":""},"class_list":["post-2813","page","type-page","status-publish","hentry"],"acf":[],"jetpack-related-posts":[{"id":2563,"url":"https:\/\/illadelstrails.com\/ca\/reglamento-trail-dels-barrancs\/","url_meta":{"origin":2813,"position":0},"title":"Reglament","date":"31 December, 2020","format":false,"excerpt":"Art 1.-El Trail dels Barrancs est\u00e0 organitzada per Xtrem Menorca Atletisme, i coordinat per Elitechip SL i Biosport Menorca. Art 2.- El Trail dels Barrancs es disputar\u00e0 el 24 d'abril de 2022 i constar\u00e0 de 3 proves, la Trail dels Barrancs (38 km) amb sortida i arribada en el municipi\u2026","rel":"","context":"Similar post","img":{"alt_text":"","src":"","width":0,"height":0},"classes":[]},{"id":1562,"url":"https:\/\/illadelstrails.com\/ca\/presentacion-illa-dels-trails\/","url_meta":{"origin":2813,"position":1},"title":"Presentaci\u00f3n","date":"21 December, 2020","format":false,"excerpt":"Text per a crear","rel":"","context":"Similar post","img":{"alt_text":"","src":"","width":0,"height":0},"classes":[]},{"id":566,"url":"https:\/\/illadelstrails.com\/ca\/","url_meta":{"origin":2813,"position":2},"title":"Illa dels Trails","date":"22 April, 2019","format":false,"excerpt":"[vc_row full_width=\"stretch_row_content_no_spaces\" uniqid=\"5cd13296ece15\"][vc_column][\/vc_column][\/vc_row]","rel":"","context":"Similar post","img":{"alt_text":"","src":"","width":0,"height":0},"classes":[]},{"id":2493,"url":"https:\/\/illadelstrails.com\/ca\/presentacion-nocturna\/","url_meta":{"origin":2813,"position":3},"title":"Presentaci\u00f3","date":"29 December, 2020","format":false,"excerpt":"\u201cEl silenci de la nit augmenta els nostres temors\u201d. Amb aquesta premissa neix el repte de la Trail dels Fars nocturna que ofereix la possibilitat a cada persona d'enfrontar-se a un recorregut de 21 kil\u00f3metors que separen l'impressionant far de Fav\u00e0ritx i la meta, en la Base Militar de Sant\u2026","rel":"","context":"Similar post","img":{"alt_text":"","src":"","width":0,"height":0},"classes":[]},{"id":1544,"url":"https:\/\/illadelstrails.com\/ca\/reglamento-trail-dels-fars\/","url_meta":{"origin":2813,"position":4},"title":"Reglament","date":"21 December, 2020","format":false,"excerpt":"El Trail dels Fars est\u00e0 organitzada per Elitechip SL. amb la intenci\u00f3 de tornar als origens del trail a Menorca. Una prova \u00fanica, un recorregut dur, i exclusiu per gaudir durant la cursa. El Trail dels Fars es disputar\u00e0 el 1 de febrer de 2026 i constar\u00e0 de 3 proves\u2026","rel":"","context":"Similar post","img":{"alt_text":"","src":"","width":0,"height":0},"classes":[]},{"id":2497,"url":"https:\/\/illadelstrails.com\/ca\/reglamento-nocturna\/","url_meta":{"origin":2813,"position":5},"title":"Reglament","date":"29 December, 2020","format":false,"excerpt":"Art 1.- La Trail dels Fars Nocturna est\u00e0 organitzat per Xtrem Menorca Atletismo, i coordinat per Elitechip SL i Biosport Menorca. Art 2.- La Trail dels Fars Nocturna es disputar\u00e0 el 28 de setembre de 2024 i constar\u00e0 de 2 proves, la Mitja Marat\u00f3 (23km) amb sortida al Far de\u2026","rel":"","context":"Similar post","img":{"alt_text":"","src":"","width":0,"height":0},"classes":[]}],"_links":{"self":[{"href":"https:\/\/illadelstrails.com\/ca\/wp-json\/wp\/v2\/pages\/2813"}],"collection":[{"href":"https:\/\/illadelstrails.com\/ca\/wp-json\/wp\/v2\/pages"}],"about":[{"href":"https:\/\/illadelstrails.com\/ca\/wp-json\/wp\/v2\/types\/page"}],"author":[{"embeddable":true,"href":"https:\/\/illadelstrails.com\/ca\/wp-json\/wp\/v2\/users\/2"}],"replies":[{"embeddable":true,"href":"https:\/\/illadelstrails.com\/ca\/wp-json\/wp\/v2\/comments?post=2813"}],"version-history":[{"count":13,"href":"https:\/\/illadelstrails.com\/ca\/wp-json\/wp\/v2\/pages\/2813\/revisions"}],"predecessor-version":[{"id":6245,"href":"https:\/\/illadelstrails.com\/ca\/wp-json\/wp\/v2\/pages\/2813\/revisions\/6245"}],"wp:attachment":[{"href":"https:\/\/illadelstrails.com\/ca\/wp-json\/wp\/v2\/media?parent=2813"}],"curies":[{"name":"wp","href":"https:\/\/api.w.org\/{rel}","templated":true}]}}