{"id":2528,"date":"2020-12-29T16:39:43","date_gmt":"2020-12-29T14:39:43","guid":{"rendered":"https:\/\/illadelstrails.com\/?page_id=2528"},"modified":"2025-11-25T13:28:01","modified_gmt":"2025-11-25T11:28:01","slug":"recorrido-trail-dels-fars","status":"publish","type":"page","link":"https:\/\/illadelstrails.com\/ca\/recorrido-trail-dels-fars\/","title":{"rendered":"Recorregut"},"content":{"rendered":"<p>[vc_row][vc_column][vc_single_image image=&#8221;5587&#8243; img_size=&#8221;full&#8221; css_animation=&#8221;fadeInLeft&#8221;][vc_column_text]Els 46 quil\u00f2metres que separen el far de Cavalleria de la l\u00ednia de meta de la Trail dels Fars a Menorca s\u00f3n una aventura per a tots els sentits. Una s\u00e8rie de diferents dist\u00e0ncies dins de la mateixa cursa. No perqu\u00e8 vari\u00ef el recorregut, majorit\u00e0riament pegat a la mar, sin\u00f3 perqu\u00e8 les condicions climatol\u00f2giques fan canviar l\u2019experi\u00e8ncia convertint-la en un aut\u00e8ntic repte, des de l\u2019assolellat dia de la primera edici\u00f3 fins a la freda segona carrera en la qual el vent del nord i les males condicions de la mar van condicionar el seu desenvolupament convertint-la en una cursa \u00e8pica.[\/vc_column_text][\/vc_column][\/vc_row][vc_row css=&#8221;.vc_custom_1609953541993{margin-top: 50px !important;}&#8221; uniqid=&#8221;5ff5f08656dc3&#8243;][vc_column][vc_column_text]<\/p>\n<h3><span style=\"color: #f08019;\"><strong>TRAIL DELS FARS 46 KM &#8211; 1.180m D+<\/strong><\/span><\/h3>\n<p><strong>Diumenge 1 de febrer 2026 a les 8:00 hores<br \/>\n<\/strong>Inici de la Trail dels Fars \u2013 46KM. Al Far de Cavalleria.<strong><br \/>\n<\/strong>[\/vc_column_text][vc_single_image image=&#8221;2639&#8243; img_size=&#8221;full&#8221; css_animation=&#8221;fadeInLeft&#8221;][vc_btn title=&#8221;Descargar KMZ&#8221; style=&#8221;outline&#8221; color=&#8221;default&#8221; i_icon_fontawesome=&#8221;fas fa-cloud-download-alt&#8221; add_icon=&#8221;true&#8221; link=&#8221;url:http%3A%2F%2Fwww.illadelstrails.com%2Ftracks%2Ffars%2F44_8390f56997e86634dafee9301731374b.kmz|target:_blank&#8221;][vc_btn title=&#8221;Descargar GPX&#8221; style=&#8221;outline&#8221; color=&#8221;default&#8221; i_icon_fontawesome=&#8221;fas fa-cloud-download-alt&#8221; add_icon=&#8221;true&#8221; link=&#8221;url:https%3A%2F%2Fwww.elitechip.net%2Findex.php%3Fzwshow%3DSYS-ZW-74IU8E09%26cmsplugin%3Dzwelitechipplugin%26cmscmd%3Ddlddoc%26dldid%3D2700364|target:_blank&#8221;][\/vc_column][\/vc_row][vc_row uniqid=&#8221;5ff5f07daa735&#8243; css=&#8221;.vc_custom_1609953410129{margin-top: 50px !important;}&#8221;][vc_column][vc_column_text]<\/p>\n<h3><span style=\"color: #00983a;\"><strong>TRAIL DELS FARS 21 KM &#8211; 400m D+<\/strong><\/span><\/h3>\n<p><strong>Diumenge 1 de febrer 2026 a les 10:30 hores<\/strong><br \/>\nInici de la Mitja Marat\u00f3 \u2013 21KM. Al parking de La Vall, en Ciutadella.[\/vc_column_text][vc_single_image image=&#8221;2638&#8243; img_size=&#8221;full&#8221; css_animation=&#8221;fadeInLeft&#8221;][vc_btn title=&#8221;Descargar KMZ&#8221; style=&#8221;outline&#8221; color=&#8221;default&#8221; i_icon_fontawesome=&#8221;fas fa-cloud-download-alt&#8221; add_icon=&#8221;true&#8221; link=&#8221;url:http%3A%2F%2Fwww.illadelstrails.com%2Ftracks%2Ffars%2F21_e61e8588304e4bb9372883743c359468.kmz|target:_blank&#8221;][vc_btn title=&#8221;Descargar GPX&#8221; style=&#8221;outline&#8221; color=&#8221;default&#8221; i_icon_fontawesome=&#8221;fas fa-cloud-download-alt&#8221; add_icon=&#8221;true&#8221; link=&#8221;url:https%3A%2F%2Fwww.elitechip.net%2Findex.php%3Fzwshow%3DSYS-ZW-74IU8E09%26cmsplugin%3Dzwelitechipplugin%26cmscmd%3Ddlddoc%26dldid%3D2700363|target:_blank&#8221;][\/vc_column][\/vc_row][vc_row css=&#8221;.vc_custom_1609953401816{margin-top: 50px !important;}&#8221; uniqid=&#8221;5ff5f0747f876&#8243;][vc_column][vc_column_text]<\/p>\n<h3><span style=\"color: #009fe3;\"><strong>TRAIL DELS FARS 12 KM &#8211; 130m D+<\/strong><\/span><\/h3>\n<p><strong>Diumenge 1 de febrer 2026 a les 12:00 hores<br \/>\n<\/strong>Sortida de la Cursa Popular \u2013 12KM desde Son Morell.[\/vc_column_text][vc_single_image image=&#8221;2637&#8243; img_size=&#8221;full&#8221; css_animation=&#8221;fadeInLeft&#8221;][vc_btn title=&#8221;Descargar KMZ&#8221; style=&#8221;outline&#8221; color=&#8221;default&#8221; i_icon_fontawesome=&#8221;fas fa-cloud-download-alt&#8221; add_icon=&#8221;true&#8221; link=&#8221;url:http%3A%2F%2Fwww.illadelstrails.com%2Ftracks%2Ffars%2F12_18a843e77b4dbe26c50aff4a12b4472f.kmz|target:_blank&#8221;][vc_btn title=&#8221;Descargar GPX&#8221; style=&#8221;outline&#8221; color=&#8221;default&#8221; i_icon_fontawesome=&#8221;fas fa-cloud-download-alt&#8221; add_icon=&#8221;true&#8221; link=&#8221;url:https%3A%2F%2Fwww.elitechip.net%2Findex.php%3Fzwshow%3DSYS-ZW-74IU8E09%26cmsplugin%3Dzwelitechipplugin%26cmscmd%3Ddlddoc%26dldid%3D2700364|target:_blank&#8221;][\/vc_column][\/vc_row]<\/p>","protected":false},"excerpt":{"rendered":"<p>[vc_row][vc_column][vc_single_image image=&#8221;5587&#8243; img_size=&#8221;full&#8221; css_animation=&#8221;fadeInLeft&#8221;][vc_column_text]Els 46 quil\u00f2metres que separen el far de Cavalleria de la l\u00ednia de meta de la Trail dels Fars a Menorca s\u00f3n una aventura per a tots els sentits. Una s\u00e8rie de diferents dist\u00e0ncies dins de la mateixa cursa. No perqu\u00e8 vari\u00ef el recorregut, majorit\u00e0riament pegat a la mar, sin\u00f3 perqu\u00e8 les [&hellip;]<\/p>\n","protected":false},"author":1,"featured_media":0,"parent":0,"menu_order":0,"comment_status":"closed","ping_status":"closed","template":"","meta":{"spay_email":"","footnotes":""},"class_list":["post-2528","page","type-page","status-publish","hentry"],"acf":[],"jetpack-related-posts":[{"id":1526,"url":"https:\/\/illadelstrails.com\/ca\/presentacion-trail-dels-fars\/","url_meta":{"origin":2528,"position":0},"title":"Presentaci\u00f3","date":"21 December, 2020","format":false,"excerpt":"Els 46 quil\u00f2metres que separen el far de Cavalleria de la l\u00ednia de meta de la Trail dels Fars a Menorca s\u00f3n una aventura per a tots els sentits. Una s\u00e8rie de diferents dist\u00e0ncies dins de la mateixa cursa que tindr\u00e0 lloc el dia 1 de febrer de 2026. No\u2026","rel":"","context":"Similar post","img":{"alt_text":"","src":"https:\/\/i0.wp.com\/illadelstrails.com\/wp-content\/uploads\/2020\/12\/foto_portada_1-scaled.jpg?fit=1200%2C844&ssl=1&resize=350%2C200","width":350,"height":200},"classes":[]},{"id":2813,"url":"https:\/\/illadelstrails.com\/ca\/clasificacion-puntuacion\/","url_meta":{"origin":2528,"position":1},"title":"Clasificaci\u00f3: Puntuaci\u00f3","date":"15 March, 2021","format":false,"excerpt":"Les classificacions de cada nivell s\u00f3n independents dels altres nivells, i en cap cas s'acumularan punts d'un nivell superior o inferior. L'algoritme que s'aplicar\u00e0 per a calcular els punts de cada corredor de cadascun dels diferents nivells en la Illa dels Trails s'obtindr\u00e0 de l'equaci\u00f3 Temps del primer classificat entre\u2026","rel":"","context":"Similar post","img":{"alt_text":"","src":"","width":0,"height":0},"classes":[]},{"id":1426,"url":"https:\/\/illadelstrails.com\/ca\/carrera-trail-dels-fars\/","url_meta":{"origin":2528,"position":2},"title":"Cursa","date":"12 December, 2020","format":false,"excerpt":"[vc_row full_width=\"stretch_row_content_no_spaces\" uniqid=\"5cd01026a5478\"][vc_column][\/vc_column][\/vc_row][vc_row full_width=\"stretch_row\" content_color=\"light\" css=\".vc_custom_1558330186888{padding-top: 85px !important;padding-bottom: 100px !important;}\" uniqid=\"5cd03094e1883\"][vc_column css_animation=\"fadeInLeft\" width=\"1\/2\" parallax=\"\" uniqid=\"5ce272ecf602a\"][vc_single_image image=\"3368\" img_size=\"full\"][\/vc_column][vc_column css_animation=\"fadeInRight\" width=\"1\/2\" parallax=\"\" uniqid=\"5ce272f7bc581\"][\/vc_column][\/vc_row][vc_row full_width=\"stretch_row\" background_parallax=\"on\" background_parallax_speed=\"0.8\" content_color=\"light\" bg_overlay=\"on\" color_overlay=\"\" gradient_overlay=\"\" uniqid=\"5cd122168957c\" background_image=\"1445\" overlay_bottom_offset=\"60\" css=\".vc_custom_1608285756968{padding-top: 30px !important;}\"][vc_column][\/vc_column][\/vc_row][vc_row full_width=\"stretch_row\" content_color=\"light\" bg_overlay=\"\" css=\".vc_custom_1608290197506{padding-top: 40px !important;padding-bottom: 40px !important;}\" uniqid=\"5cd1243cf84a7\"][vc_column][\/vc_column][\/vc_row][vc_row full_width=\"stretch_row\" content_color=\"light\" css=\".vc_custom_1557210858199{padding-bottom: 70px !important;}\" uniqid=\"5cc2c71703dd1\"][vc_column][\/vc_column][\/vc_row][vc_row][vc_column][\/vc_column][\/vc_row]","rel":"","context":"Similar post","img":{"alt_text":"","src":"","width":0,"height":0},"classes":[]},{"id":1865,"url":"https:\/\/illadelstrails.com\/ca\/videos-trail-dels-fars\/","url_meta":{"origin":2528,"position":3},"title":"V\u00eddeos","date":"22 December, 2020","format":false,"excerpt":"Trail dels Fars 2020 Reproductor de v\u00eddeo 00:00 10:56 Trail dels Fars 2019 Reproductor de v\u00eddeo 00:00 09:35 Trail dels Fars 2018 Reproductor de v\u00eddeo 00:00 09:40 Trail dels Fars 2017 Reproductor de v\u00eddeo","rel":"","context":"Similar post","img":{"alt_text":"","src":"","width":0,"height":0},"classes":[]},{"id":1870,"url":"https:\/\/illadelstrails.com\/ca\/video-trail-dels-fars\/","url_meta":{"origin":2528,"position":4},"title":"V\u00eddeo","date":"22 December, 2020","format":false,"excerpt":"[vc_row][vc_column][\/vc_column][\/vc_row]","rel":"","context":"Similar post","img":{"alt_text":"","src":"","width":0,"height":0},"classes":[]},{"id":2509,"url":"https:\/\/illadelstrails.com\/ca\/video-nocturna\/","url_meta":{"origin":2528,"position":5},"title":"V\u00eddeo","date":"29 December, 2020","format":false,"excerpt":"[vc_row][vc_column][\/vc_column][\/vc_row]","rel":"","context":"Similar post","img":{"alt_text":"","src":"","width":0,"height":0},"classes":[]}],"_links":{"self":[{"href":"https:\/\/illadelstrails.com\/ca\/wp-json\/wp\/v2\/pages\/2528"}],"collection":[{"href":"https:\/\/illadelstrails.com\/ca\/wp-json\/wp\/v2\/pages"}],"about":[{"href":"https:\/\/illadelstrails.com\/ca\/wp-json\/wp\/v2\/types\/page"}],"author":[{"embeddable":true,"href":"https:\/\/illadelstrails.com\/ca\/wp-json\/wp\/v2\/users\/1"}],"replies":[{"embeddable":true,"href":"https:\/\/illadelstrails.com\/ca\/wp-json\/wp\/v2\/comments?post=2528"}],"version-history":[{"count":18,"href":"https:\/\/illadelstrails.com\/ca\/wp-json\/wp\/v2\/pages\/2528\/revisions"}],"predecessor-version":[{"id":6416,"href":"https:\/\/illadelstrails.com\/ca\/wp-json\/wp\/v2\/pages\/2528\/revisions\/6416"}],"wp:attachment":[{"href":"https:\/\/illadelstrails.com\/ca\/wp-json\/wp\/v2\/media?parent=2528"}],"curies":[{"name":"wp","href":"https:\/\/api.w.org\/{rel}","templated":true}]}}