{"id":2493,"date":"2020-12-29T14:53:07","date_gmt":"2020-12-29T12:53:07","guid":{"rendered":"https:\/\/illadelstrails.com\/?page_id=2493"},"modified":"2021-09-28T17:57:29","modified_gmt":"2021-09-28T15:57:29","slug":"presentacion-nocturna","status":"publish","type":"page","link":"https:\/\/illadelstrails.com\/ca\/presentacion-nocturna\/","title":{"rendered":"Presentaci\u00f3"},"content":{"rendered":"<p>\u201cEl silenci de la nit augmenta els nostres temors\u201d. Amb aquesta premissa neix el repte de la Trail dels Fars nocturna que ofereix la possibilitat a cada persona d&#8217;enfrontar-se a un recorregut de 21 kil\u00f3metors que separen l&#8217;impressionant far de Fav\u00e0ritx i la meta, en la Base Militar de Sant Isidre a Ma\u00f3. Un desafiament sota un mantell infinit d&#8217;estrelles\u2026<\/p>\n<p>El recorregut, que seguir\u00e0 el tra\u00e7at del Cam\u00ed de Cavalls, permetr\u00e0 viure els encants d&#8217;aquesta ruta d&#8217;una forma diferent a la que estem acostumats, al mateix temps que viure una aventura pensada per a ser diferent a la resta de proves de l\u2019Illa dels Trails.<\/p>\n<p>La urbanitzaci\u00f3 des Grau acollir\u00e0 la sortida dels 13 quil\u00f2metres i els acompanyar\u00e0 fins a arribar a Sa Mesquida i despr\u00e9s girar cap a la Base Militar de Sant Isidre amb el frontal, la il\u00b7lusi\u00f3, les estrelles i l&#8217;afany de superaci\u00f3 com a principals llums que il\u00b7luminin el nostre cam\u00ed.<\/p>\n<p>T&#8217;atreveixes?<\/p>","protected":false},"excerpt":{"rendered":"<p>\u201cEl silenci de la nit augmenta els nostres temors\u201d. Amb aquesta premissa neix el repte de la Trail dels Fars nocturna que ofereix la possibilitat a cada persona d&#8217;enfrontar-se a un recorregut de 21 kil\u00f3metors que separen l&#8217;impressionant far de Fav\u00e0ritx i la meta, en la Base Militar de Sant Isidre a Ma\u00f3. Un desafiament [&hellip;]<\/p>\n","protected":false},"author":1,"featured_media":0,"parent":0,"menu_order":0,"comment_status":"closed","ping_status":"closed","template":"","meta":{"spay_email":"","footnotes":""},"class_list":["post-2493","page","type-page","status-publish","hentry"],"acf":[],"jetpack-related-posts":[{"id":2497,"url":"https:\/\/illadelstrails.com\/ca\/reglamento-nocturna\/","url_meta":{"origin":2493,"position":0},"title":"Reglament","date":"29 December, 2020","format":false,"excerpt":"Art 1.- La Trail dels Fars Nocturna est\u00e0 organitzat per Xtrem Menorca Atletismo, i coordinat per Elitechip SL i Biosport Menorca. Art 2.- La Trail dels Fars Nocturna es disputar\u00e0 el 28 de setembre de 2024 i constar\u00e0 de 2 proves, la Mitja Marat\u00f3 (23km) amb sortida al Far de\u2026","rel":"","context":"Similar post","img":{"alt_text":"","src":"","width":0,"height":0},"classes":[]},{"id":2495,"url":"https:\/\/illadelstrails.com\/ca\/programa-nocturna\/","url_meta":{"origin":2493,"position":1},"title":"Programa","date":"29 December, 2020","format":false,"excerpt":"Dijous 26 de setembre de 2024 Recollida de dorsals pels atletes que ho van demanar en el moment de la inscripci\u00f3. Poliesportiu Municipal de Sant Llu\u00eds De 8.00 a 14.00 hores De 15.30 a 23.00 hores Poliesportiu Municipal des Mercadal De 8.00 a 13.00 hores De 16.00 a 22.00 hores\u2026","rel":"","context":"Similar post","img":{"alt_text":"","src":"","width":0,"height":0},"classes":[]},{"id":2464,"url":"https:\/\/illadelstrails.com\/ca\/carrera-nocturna\/","url_meta":{"origin":2493,"position":2},"title":"Cursa","date":"29 December, 2020","format":false,"excerpt":"[vc_row full_width=\"stretch_row_content_no_spaces\" uniqid=\"5cd01026a5478\"][vc_column][\/vc_column][\/vc_row][vc_row full_width=\"stretch_row\" content_color=\"light\" css=\".vc_custom_1558330186888{padding-top: 85px !important;padding-bottom: 100px !important;}\" uniqid=\"5cd03094e1883\"][vc_column css_animation=\"fadeInLeft\" width=\"1\/2\" parallax=\"\" uniqid=\"5ce272ecf602a\"][vc_single_image image=\"3370\" img_size=\"full\"][\/vc_column][vc_column css_animation=\"fadeInRight\" width=\"1\/2\" parallax=\"\" uniqid=\"5ce272f7bc581\"][\/vc_column][\/vc_row][vc_row full_width=\"stretch_row\" background_parallax=\"on\" background_parallax_speed=\"0.8\" content_color=\"light\" bg_overlay=\"on\" color_overlay=\"\" gradient_overlay=\"\" uniqid=\"5cd122168957c\" background_image=\"2316\" overlay_bottom_offset=\"60\" css=\".vc_custom_1609397884274{padding-top: 30px !important;}\"][vc_column][\/vc_column][\/vc_row][vc_row full_width=\"stretch_row\" content_color=\"light\" bg_overlay=\"\" css=\".vc_custom_1608290197506{padding-top: 40px !important;padding-bottom: 40px !important;}\" uniqid=\"5cd1243cf84a7\"][vc_column][\/vc_column][\/vc_row][vc_row full_width=\"stretch_row\" content_color=\"light\" css=\".vc_custom_1557210858199{padding-bottom: 70px !important;}\" uniqid=\"5cc2c71703dd1\"][vc_column][\/vc_column][\/vc_row][vc_row][vc_column][\/vc_column][\/vc_row]","rel":"","context":"Similar post","img":{"alt_text":"","src":"","width":0,"height":0},"classes":[]},{"id":2528,"url":"https:\/\/illadelstrails.com\/ca\/recorrido-trail-dels-fars\/","url_meta":{"origin":2493,"position":3},"title":"Recorregut","date":"29 December, 2020","format":false,"excerpt":"[vc_row][vc_column][vc_single_image image=\"5587\" img_size=\"full\" css_animation=\"fadeInLeft\"][vc_column_text]Els 46 quil\u00f2metres que separen el far de Cavalleria de la l\u00ednia de meta de la Trail dels Fars a Menorca s\u00f3n una aventura per a tots els sentits. Una s\u00e8rie de diferents dist\u00e0ncies dins de la mateixa cursa. No perqu\u00e8 vari\u00ef el recorregut, majorit\u00e0riament pegat a\u2026","rel":"","context":"Similar post","img":{"alt_text":"","src":"","width":0,"height":0},"classes":[]},{"id":1526,"url":"https:\/\/illadelstrails.com\/ca\/presentacion-trail-dels-fars\/","url_meta":{"origin":2493,"position":4},"title":"Presentaci\u00f3","date":"21 December, 2020","format":false,"excerpt":"Els 46 quil\u00f2metres que separen el far de Cavalleria de la l\u00ednia de meta de la Trail dels Fars a Menorca s\u00f3n una aventura per a tots els sentits. Una s\u00e8rie de diferents dist\u00e0ncies dins de la mateixa cursa que tindr\u00e0 lloc el dia 1 de febrer de 2026. No\u2026","rel":"","context":"Similar post","img":{"alt_text":"","src":"https:\/\/i0.wp.com\/illadelstrails.com\/wp-content\/uploads\/2020\/12\/foto_portada_1-scaled.jpg?fit=1200%2C844&ssl=1&resize=350%2C200","width":350,"height":200},"classes":[]},{"id":2563,"url":"https:\/\/illadelstrails.com\/ca\/reglamento-trail-dels-barrancs\/","url_meta":{"origin":2493,"position":5},"title":"Reglament","date":"31 December, 2020","format":false,"excerpt":"Art 1.-El Trail dels Barrancs est\u00e0 organitzada per Xtrem Menorca Atletisme, i coordinat per Elitechip SL i Biosport Menorca. Art 2.- El Trail dels Barrancs es disputar\u00e0 el 24 d'abril de 2022 i constar\u00e0 de 3 proves, la Trail dels Barrancs (38 km) amb sortida i arribada en el municipi\u2026","rel":"","context":"Similar post","img":{"alt_text":"","src":"","width":0,"height":0},"classes":[]}],"_links":{"self":[{"href":"https:\/\/illadelstrails.com\/ca\/wp-json\/wp\/v2\/pages\/2493"}],"collection":[{"href":"https:\/\/illadelstrails.com\/ca\/wp-json\/wp\/v2\/pages"}],"about":[{"href":"https:\/\/illadelstrails.com\/ca\/wp-json\/wp\/v2\/types\/page"}],"author":[{"embeddable":true,"href":"https:\/\/illadelstrails.com\/ca\/wp-json\/wp\/v2\/users\/1"}],"replies":[{"embeddable":true,"href":"https:\/\/illadelstrails.com\/ca\/wp-json\/wp\/v2\/comments?post=2493"}],"version-history":[{"count":5,"href":"https:\/\/illadelstrails.com\/ca\/wp-json\/wp\/v2\/pages\/2493\/revisions"}],"predecessor-version":[{"id":3345,"href":"https:\/\/illadelstrails.com\/ca\/wp-json\/wp\/v2\/pages\/2493\/revisions\/3345"}],"wp:attachment":[{"href":"https:\/\/illadelstrails.com\/ca\/wp-json\/wp\/v2\/media?parent=2493"}],"curies":[{"name":"wp","href":"https:\/\/api.w.org\/{rel}","templated":true}]}}