{"id":1908,"date":"2020-12-23T12:38:54","date_gmt":"2020-12-23T10:38:54","guid":{"rendered":"https:\/\/illadelstrails.com\/?page_id=1908"},"modified":"2026-03-05T15:51:12","modified_gmt":"2026-03-05T13:51:12","slug":"reglamento-october-trail","status":"publish","type":"page","link":"https:\/\/illadelstrails.com\/ca\/reglamento-october-trail\/","title":{"rendered":"Reglament"},"content":{"rendered":"<p><\/p>\n<ol>\n<li>L\u2019October Trail Menorca est\u00e0 organitzada per Club Esportiu Biosport Menorca, i coordinat per Elitechip SL i Biosport Menorca. <strong>Tots els participants s\u2019han d\u2019afegir obligat\u00f2riament al Canal de Whatsapp \u2013 October Trail 2025.<\/strong> L\u2019enlla\u00e7 s\u2019enviar\u00e0 amb el justificant de l\u2019inscripci\u00f3. Aquest canal servir\u00e0 per emetre Comunicats oficials de cara a la Cursa i, en cas d\u2019urg\u00e8ncia, ser\u00e0 el Canal per avisar a tots els participants.<\/li>\n<\/ol>\n<p>&nbsp;<\/p>\n<ol start=\"2\">\n<li>L\u00b4October Trail Menorca es disputar\u00e0 el 24 d\u2019octubre de 2026 i constar\u00e0 de tres dist\u00e0ncies 32 KM, amb sortida a Son Bou, 19KM, amb sortida en el p\u00e0rquing de Cala Mitjana, i de 11KM, amb sortida en Cala\u2019n Turqueta i arribada a la porta de l\u2019Hotel Lago Resort Menorca, a la platja de Calan Bosch, seguint el Cam\u00ed de Cavalls.<\/li>\n<li>La inscripci\u00f3 a la prova implica la total acceptaci\u00f3 d\u2019aquest reglament. Les inscripcions s\u2019obriran el 17 de mar\u00e7 i es tancaran, amb garantia de talla i model de camiseta, el dia 30 d&#8217;agost de 2026 amb la intenci\u00f3 de poder oferir una millor organitzaci\u00f3 de l\u2019esdeveniment, o abans si s\u2019esgoten els dorsals. El present reglament ser\u00e0 d\u2019estricte compliment per a tots els participants del October Trail Menorca.<\/li>\n<li>Les inscripcions: S\u2019habilitar\u00e0 un rang de preus d\u2019inscripci\u00f3 vinculats al n\u00famero d\u2019inscrits, proposant un primer per\u00edode al preu de sortida de 300 places en el c\u00f2mput global de totes les proves. Una vegada es completin les primeres 300 places, s\u2019obrir\u00e0 un segon tram amb 700 places m\u00e9s, \u00e9s a dir fins a 1000 places en total. I una vegada complert aquest tram s\u2019obrir\u00e0 un tercer tram de preus fins a completar les 1.700 inscripcions previstes.<\/li>\n<\/ol>\n<ul>\n<li>October Trail Menorca 32 KM\n<ul>\n<li>42 \u20ac de la primera inscripci\u00f3 a la 300 entre totes les dist\u00e0ncies.<\/li>\n<li>56 \u20ac de la inscripci\u00f3 301 a la 1000 entre totes les dist\u00e0ncies.<\/li>\n<li>66 \u20ac de la inscripci\u00f3 1.001 a la 1.700 entre totes les dist\u00e0ncies.<\/li>\n<\/ul>\n<\/li>\n<li>October Trail Menorca 19 KM\n<ul>\n<li>31 \u20ac de la primera inscripci\u00f3 a la 300 entre totes les dist\u00e0ncies.<\/li>\n<li>41 \u20ac de la inscripci\u00f3 301 a la 1.000 entre totes les dist\u00e0ncies.<\/li>\n<li>51 \u20ac de la inscripci\u00f3 1.001 a la 1.700 entre totes les dist\u00e0ncies.<\/li>\n<\/ul>\n<\/li>\n<li>October Trail Menorca 11 KM\n<ul>\n<li>28 \u20ac de la primera inscripci\u00f3 a la 300 entre totes les dist\u00e0ncies.<\/li>\n<li>35 \u20ac de la inscripci\u00f3 301 a la 1.000 entre totes les dist\u00e0ncies.<\/li>\n<li>45 \u20ac de la inscripci\u00f3 1.001 a la 1.700 entre totes les dist\u00e0ncies.<\/li>\n<\/ul>\n<\/li>\n<\/ul>\n<p>El Lago Resort Menorca ofereix les seves habitacions amb una oferta amb preus especials amb esmorzar i SPA a les que haureu de sumar l\u2019import de la Inscripci\u00f3 i que podeu reservar via Elitechip.<\/p>\n<ul>\n<li>Casas del Lago 5 Estrelles\n<ul>\n<li>Doble d\u2019\u00das Individual:\n<ul>\n<li>Dues nits: 308 euros<\/li>\n<\/ul>\n<\/li>\n<li>Doble:\n<ul>\n<li>Dues nits: 346 euros<\/li>\n<\/ul>\n<\/li>\n<\/ul>\n<\/li>\n<li>Suites del Lago 5 Estrelles\n<ul>\n<li>Doble d\u2019\u00das Individual:\n<ul>\n<li>Dues Nits: 346 euros<\/li>\n<\/ul>\n<\/li>\n<li>Doble:\n<ul>\n<li>Dues nits: 383 euros<\/li>\n<\/ul>\n<\/li>\n<\/ul>\n<\/li>\n<\/ul>\n<ol start=\"5\">\n<li>La inscripci\u00f3, amb garantia de talla de camiseta, finalitza el 30 d&#8217;agost de 2026, o en esgotar-se totes les inscripcions.<\/li>\n<li>Els atletes no federats a la Federaci\u00f3 Balear d\u2019Atletisme hauran de contractar una asseguran\u00e7a d\u2019un dia per a la prova que oferim en el proc\u00e9s d\u2019inscripci\u00f3 o al moment de la retirada del dorsal. El cost de la asseguran\u00e7a \u00e9s de 5 euros per cada prova.<\/li>\n<li>La participaci\u00f3 estar\u00e0 oberta a totes aquelles persones que formalitzin correctament tant la INSCRIPCI\u00d3 com el pagament relacionat amb la modalitat de carrera. \u00a0L\u2019edat m\u00ednima de participaci\u00f3 ser\u00e0 de 18 anys complerts el mateix dia de la prova i no es permet la participaci\u00f3 a cap menor d\u2019edat en la October Trail Menorca i la carrera de 19 quil\u00f2metres. En el cas de la carrera popular d\u201911 quil\u00f2metres els participants, com a m\u00ednim, han d\u2019haver complert els 16 anys el mateix dia de la prova amb autoritzaci\u00f3 paterna degudament emplenada i donada en el lliurament de dorsals.<\/li>\n<li>La inscripci\u00f3 inclou:<\/li>\n<\/ol>\n<ul>\n<li>Participaci\u00f3 a la cursa.<\/li>\n<li>Obsequi regal de la cursa.<\/li>\n<li>Avituallamients durant i al final de la cursa.<\/li>\n<li>Seguimient online a trav\u00e9s dels punts de pas.<\/li>\n<li>Servei de guardarroba.<\/li>\n<li>Medalla de finisher.<\/li>\n<li>Servei de bus de trasllat a les diferents sortides pels participants.<\/li>\n<\/ul>\n<ol start=\"9\">\n<li>Sancions:<\/li>\n<\/ol>\n<ul>\n<li>El corredor de l\u2019October Trail Menorca haur\u00e0 de portar el dorsal facilitat per l\u2019organitzaci\u00f3 en tot moment, en un lloc visible en la part davantera, no podent ser retallat, doblegat ni modificat. L\u2019incompliment d\u2019aquest punt, implicar\u00e0 una sanci\u00f3 immediata al corredor.<\/li>\n<li>Sortir del tra\u00e7at:\n<ul>\n<li>Primera sanci\u00f3: 15 minuts<\/li>\n<li>Segunda sanci\u00f3: 30 minuts<\/li>\n<li>Tercera sanci\u00f3: Descalificaci\u00f3<\/li>\n<\/ul>\n<\/li>\n<li>Tirar qualsevol tipus d\u2019escombraries, trobar restes amb el n\u00famero de dorsal o no portar el n\u00famero de dorsal apuntat en els embolcalls de barretes i gels.\n<ul>\n<li>Primera sanci\u00f3: 30 minuts<\/li>\n<li>Segona sanci\u00f3: 1 hora<\/li>\n<li>Tercera sanci\u00f3: Descalificaci\u00f3<\/li>\n<\/ul>\n<\/li>\n<li>C\u00f3rrer en qualsevol moment acompanyat d\u2019alguna persona sense dorsal implicar\u00e0 la desqualificaci\u00f3 immediata.<\/li>\n<\/ul>\n<ol start=\"10\">\n<li>Cancel\u00b7lacions i modificacions de la inscripci\u00f3:<\/li>\n<\/ol>\n<p>Nom\u00e9s s\u2019admetran cancel\u00b7lacions a la prova als participants inscrits que ho comuniquin abans del 7 d\u2019octubre de 2026 al mail <a href=\"mailto:contacto@elitechip.net\">contacto@elitechip.net<\/a>. Nom\u00e9s es podr\u00e0 passar la inscripci\u00f3 a l\u2019any seg\u00fcent amb un cost de gesti\u00f3 de 3 euros.<\/p>\n<p>&nbsp;<\/p>\n<p>En cas que la prova hagi de suspendre\u2019s, cancel\u00b7lar-se o no pugui celebrar-se a causa de factors externs inherents a l\u2019organitzaci\u00f3, com per exemple alerta Taronja o vermella per motius meteorol\u00f2gics, motius sanitaris, pand\u00e8mies, denegacions d\u2019autoritzacions, o que els serveis d\u2019emerg\u00e8ncia no puguin cobrir la prova per altres emerg\u00e8ncies greus, com un incendi, una ensulsiada. Que el tra\u00e7at del\u00a0Cam\u00ed\u00a0de\u00a0Cavalls\u00a0no pugui utilitzar-se a causa d\u2019un incendi forestal, \u00e9s a dir intransitable a causa de la caiguda d\u2019arbres, riuades, o motius meteorol\u00f2gics o qualsevol altra incid\u00e8ncia que l\u2019organitzaci\u00f3 no sigui responsable directament, l\u2019organitzaci\u00f3 es guarda el dret de poder modificar recorreguts, anul\u00b7lar trams, o simplement cancel\u00b7lar la prova, sense dret a cap indemnitzaci\u00f3, o devoluci\u00f3 dels imports d\u2019inscripci\u00f3 per part de l\u2019organitzaci\u00f3 cap als inscrits, no obstant aix\u00f2, l\u2019organitzaci\u00f3 intentar\u00e0 oferir les millors alternatives en casos extrems i molt poc probables com els exposats.<\/p>\n<p>&nbsp;<\/p>\n<ol start=\"11\">\n<li>Cessi\u00f3 de dorsal:<\/li>\n<\/ol>\n<p>Es permetran cessions de dorsals fins al dia 7 d\u2019octubre de 2026. El cost de les cessions ser\u00e0 de 15 \u20ac, independentment de si hi ha canvi de dist\u00e0ncia.<br \/>\nEn el cas que el nou participant desitgi participar en una dist\u00e0ncia superior, a part del cost de cessi\u00f3 de dorsal haur\u00e0 d\u2019abonar la difer\u00e8ncia de preu de la dist\u00e0ncia.<br \/>\nEn el cas que el nou participant desitgi participar en una dist\u00e0ncia menor, haur\u00e0 d\u2019abonar el cost de cessi\u00f3 de dorsal, i nom\u00e9s es retornar\u00e0 la difer\u00e8ncia dels imports en sol\u00b7licituds entrades abans del dia 7 d\u2019octubre de 2026.<\/p>\n<p>&nbsp;<\/p>\n<ol start=\"12\">\n<li>Canvis de dist\u00e0ncia:<\/li>\n<\/ol>\n<p>Es permetran canvis de dist\u00e0ncia a totes les proves fins al dia 7 d\u2019octubre de 2026, el cost de la gesti\u00f3 ser\u00e0 de 10 \u20ac.<\/p>\n<p>En el cas que el participant desitgi participar en una dist\u00e0ncia superior, a part del cost de les despeses de gesti\u00f3 del canvi de dist\u00e0ncia haur\u00e0 d\u2019abonar la difer\u00e8ncia de preu de la dist\u00e0ncia.<\/p>\n<p>En el cas que el participant desitgi participar en una dist\u00e0ncia menor, haur\u00e0 d\u2019abonar el cost de despeses de gesti\u00f3, i nom\u00e9s es retornar\u00e0 la difer\u00e8ncia dels imports en sol\u00b7licituds entrades abans del dia 7 d\u2019octubre de 2026.<\/p>\n<p>&nbsp;<\/p>\n<ol start=\"13\">\n<li>Recollida de dorsals:<\/li>\n<\/ol>\n<p>El lliurament de dorsals es far\u00e0 exclusivament el divendres, 23 d\u2019octubre, de les 16 a les 21 hores, en el Lago Resort Menorca.<\/p>\n<p>Es far\u00e0 un petit br\u00edfing a l\u2019inici de la prova. No hi haur\u00e0 br\u00edfing en el lliurament de dorsals, per\u00f2 s\u00ed un punt habilitat per a contestar dubtes.<\/p>\n<p>&nbsp;<\/p>\n<ol start=\"14\">\n<li>La prova estar\u00e0 controlada de manera electr\u00f2nica mitjan\u00e7ant el sistema de xip de MyLaps. Tots els participants que no posseeixin un xip groc l\u2019hauran de llogar (3 \u20ac de lloguer). En el proc\u00e9s d\u2019inscripci\u00f3 s\u2019ofereix aquesta possibilitat. Els participants hauran de portar el xip durant tot el recorregut, situant-lo en la sabatilla del corredor, ja que en el cas contrari, les lectures dels temps no es realitzaran correctament. L\u2019Organitzaci\u00f3 situar\u00e0 controls al llarg de la carrera per a assegurar-se que els corredors completin el recorregut, a m\u00e9s de registrar els temps de pas de cadascun.<\/li>\n<\/ol>\n<p>&nbsp;<\/p>\n<ol start=\"15\">\n<li>El recorregut de la carrera estar\u00e0 senyalitzat amb les fitas del GR-223 i discorrer\u00e0 pel Cam\u00ed de Cavalls fins a arribar al Lago Resort Menorca.<\/li>\n<\/ol>\n<p>&nbsp;<\/p>\n<ol start=\"16\">\n<li>Qualsevol corredor que abandoni la prova durant el transcurs d\u2019aquesta, haur\u00e0 de fer-ho en un avituallament i entregar el dorsal, en cas que no es retiri en un punt d\u2019avituallament est\u00e0 OBLIGAT a avisar a l\u2019organitzaci\u00f3.<\/li>\n<\/ol>\n<p>&nbsp;<\/p>\n<ol start=\"17\">\n<li>L\u2019organitzaci\u00f3 posar\u00e0 a la disposici\u00f3 de tots els participants 3 avituallaments repartits en tot el recorregut amb aigua, isot\u00f2nic, menjar i fruita, a m\u00e9s d\u2019altres productes posats de l\u2019organitzaci\u00f3. Cada corredor haur\u00e0 de portar el seu propi got o recipient ja que per a minimitzar l\u2019impacte ambiental no se serviran gots en els avituallaments.<\/li>\n<\/ol>\n<p>&nbsp;<\/p>\n<ol start=\"18\">\n<li>Est\u00e0 totalment prohibit rebre ajuda externa o avituallament durant el desenvolupament de la prova fora dels punts disposats per l\u2019organitzaci\u00f3. Durant el transcurs de la carrera, els participants hauran de fer cas als membres de l\u2019organitzaci\u00f3 de la prova en tot moment. El no compliment d\u2019aquest punt implicar\u00e0 la desqualificaci\u00f3 immediata.<\/li>\n<\/ol>\n<p>&nbsp;<\/p>\n<ol start=\"19\">\n<li>L\u2019organitzaci\u00f3 podr\u00e0 utilitzar imatges, v\u00eddeos i sons dels participants durant la prova, incloent moments previs i posteriors, des de la recollida de dorsals, lliurament de premis i trasllat dels participants i sense cap l\u00edmit temporal per a utilitzar-los.<\/li>\n<\/ol>\n<p>&nbsp;<\/p>\n<ol start=\"20\">\n<li>Qualsevol atleta que vulgui fer una reclamaci\u00f3 haur\u00e0 de presentar-la per escrit amb una fian\u00e7a de 50 \u20ac, perqu\u00e8 sigui admesa a tr\u00e0mit, la fian\u00e7a nom\u00e9s ser\u00e0 retornada en el cas que aquesta reclamaci\u00f3 sigui favorable al reclamant.<\/li>\n<\/ol>\n<p>&nbsp;<\/p>\n<ol start=\"21\">\n<li>El temps l\u00edmit per a finalitzar l\u2019October Trail Menorca ser\u00e0 de 6 hores. La resta de proves estaran subjectes al temps de tall de la cursa de 32KM. Tot participant que en algun control superi el temps de tall ser\u00e0 retirat, en cas de voler seguir en la prova haur\u00e0 de lliurar el dorsal i seguir sota la seva pr\u00f2pia responsabilitat.<\/li>\n<\/ol>\n<p>&nbsp;<\/p>\n<ol start=\"22\">\n<li>Els horaris de sortida de les curses seran els seg\u00fcents (*):<\/li>\n<\/ol>\n<ul>\n<li>October Trail Menorca 32 Km sortida a les 9.30 hores des de Son Bou.<\/li>\n<li>October Trail Menorca 19 Km sortida 1 a les 9.30 hores des de Cala Mitjana.<\/li>\n<li>October Trail Menorca 19 Km sortida 2 a les 10.15 hores des de Cala Mitjana.<\/li>\n<li>October Trail Menorca 11 Km sortida 1 a les 12.00 hores des de Calan Turqueta.<\/li>\n<li>October Trail Menorca 11 Km sortida 2 a les 12.50 hores des de Calan Turqueta.<\/li>\n<\/ul>\n<p>A cada sortida hi haur\u00e0 servei de guarda-roba i les bosses es retornaran en la zona de meta.<\/p>\n<p>Per optar a la vict\u00f2ria en les dist\u00e0ncies de 19KM i 11KM, cal participar en les sortides 1 de les dues dist\u00e0ncies. S\u2019haur\u00e0 d\u2019especificar en el moment de la inscripci\u00f3. Els participants de les sortides 2 no optaran a la vict\u00f2ria final, tot i que tindran el seu temps amb total normalitat.<\/p>\n<p>&nbsp;<\/p>\n<ol start=\"23\">\n<li>Per poder participar l\u2019organitzaci\u00f3 estableix un material obligatori que cada atleta haur\u00e0 de portar:<\/li>\n<\/ol>\n<ul>\n<li>Sistema d\u2019hidrataci\u00f3 amb capacitat m\u00ednima de 0,50 L (no es lliuraran gots en els avituallaments a fi de reduir residus).<\/li>\n<li>Tel\u00e8fon m\u00f2bil amb saldo i bateria.<\/li>\n<li>El n\u00famero de dorsal en tots els gels i barretes de cada participant.<\/li>\n<li>Manta t\u00e8rmica.<\/li>\n<li>Dorsal i xip<\/li>\n<li>L\u2019organitzaci\u00f3 es reserva el dret d\u2019afegir com a material m\u00ednim un paravents o impermeable a la llista de material en funci\u00f3 de la climatologia el dia de la carrera.<\/li>\n<li>Abans de la sortida de la prova es realitzar\u00e0 un control del material obligatori.<\/li>\n<\/ul>\n<p><em>* La organitzaci\u00f3 es reserva el dret d\u2019afegir com material m\u00ednim un tallavents a la llista de material en funci\u00f3 de la climatologia el d\u00eda de la cursa.<\/em><br \/>\n<em>**Antes de la sortida de la prova es realitzar\u00e0 un control del material obligatori.<\/em><\/p>\n<ol start=\"24\">\n<li>Les categories de la prova son:<\/li>\n<\/ol>\n<ul>\n<li>October Trail Menorca 32 Km\n<ul>\n<li>Absolut mascul\u00ed i femen\u00ed<\/li>\n<li>S\u00e9nior mascul\u00ed i femen\u00ed<\/li>\n<li>Veterans M-40 i Veteranes F-40<\/li>\n<li>Veterans M50 i Veteranes F-50<\/li>\n<\/ul>\n<\/li>\n<li>October Trail Menorca 19 Km\n<ul>\n<li>Absolut mascul\u00ed i femen\u00ed<\/li>\n<\/ul>\n<\/li>\n<li>October Trail Menorca 11 Km\n<ul>\n<li>Absolut mascul\u00ed i femen\u00ed<\/li>\n<\/ul>\n<\/li>\n<li>L\u2019entrega de trofeus es far\u00e0 a la zona de meta a les 16 hores.<\/li>\n<li>Nom\u00e9s podran optar a la vict\u00f2ria els participants dels 19KM i dels 11KM que surtin a la primera sortida. S\u2019ha d\u2019especificar en el moment de la inscripci\u00f3.<\/li>\n<\/ul>\n<ol start=\"25\">\n<li>El bus est\u00e0 incl\u00f2s en el preu d\u2019inscripci\u00f3 en totes les dist\u00e0ncies.<\/li>\n<li>El servei d\u2019autob\u00fas fins la l\u00ednea de sortida, ser\u00e0 a l\u2019Hotel Lago Resort Menorca.<\/li>\n<\/ol>\n<p>&nbsp;<\/p>\n<ul>\n<li>Horaris de sortida del bus\n<ul>\n<li>October Trail Menorca 32KM a les 8:15 h.\u00a0<a href=\"https:\/\/www.google.es\/maps\/place\/39%C2%B055'42.1%22N+3%C2%B050'15.2%22E\/@39.9283505,3.8367498,216m\/data=!3m2!1e3!4b1!4m6!3m5!1s0x0:0x2037d03b9ef5d1d7!7e2!8m2!3d39.9283486!4d3.837555?hl=es\">AQU\u00cd<\/a><\/li>\n<li>October Trail Menorca 19KM SORTIDA 1 a les 8:15 h\u00a0<a href=\"https:\/\/www.google.es\/maps\/place\/39%C2%B055'42.1%22N+3%C2%B050'15.2%22E\/@39.9283505,3.8367498,216m\/data=!3m2!1e3!4b1!4m6!3m5!1s0x0:0x2037d03b9ef5d1d7!7e2!8m2!3d39.9283486!4d3.837555?hl=es\">AQU\u00cd<\/a><\/li>\n<li>October Trail Menorca 19KM SORTIDA 2 a les 9:00 h\u00a0<a href=\"https:\/\/www.google.es\/maps\/place\/39%C2%B055'42.1%22N+3%C2%B050'15.2%22E\/@39.9283505,3.8367498,216m\/data=!3m2!1e3!4b1!4m6!3m5!1s0x0:0x2037d03b9ef5d1d7!7e2!8m2!3d39.9283486!4d3.837555?hl=es\">AQU\u00cd<\/a><\/li>\n<li>October Trail Menorca 11KM SORTIDA 1 a les 10:45 h\u00a0<a href=\"https:\/\/www.google.es\/maps\/place\/39%C2%B055'42.1%22N+3%C2%B050'15.2%22E\/@39.9283505,3.8367498,216m\/data=!3m2!1e3!4b1!4m6!3m5!1s0x0:0x2037d03b9ef5d1d7!7e2!8m2!3d39.9283486!4d3.837555?hl=es\">AQU\u00cd<\/a><\/li>\n<li>October Trail Menorca 11KM SORTIDA 2 a les 11:50 h\u00a0<a href=\"https:\/\/www.google.es\/maps\/place\/39%C2%B055'42.1%22N+3%C2%B050'15.2%22E\/@39.9283505,3.8367498,216m\/data=!3m2!1e3!4b1!4m6!3m5!1s0x0:0x2037d03b9ef5d1d7!7e2!8m2!3d39.9283486!4d3.837555?hl=es\">AQU\u00cd<\/a><\/li>\n<li><\/li>\n<\/ul>\n<\/li>\n<\/ul>\n<p><strong>27\u00a0<\/strong>La participaci\u00f3 en la prova implica el coneixement i l\u2019acceptaci\u00f3 d\u2019aquestes normes de car\u00e0cter especial amb el medi ambient que es publiqu\u00e9s espec\u00edficament per a aquesta prova:<\/p>\n<ul>\n<li>No cridar.<\/li>\n<li>No sortir del cam\u00ed tra\u00e7at.<\/li>\n<li>Evitar trepitjar vegetaci\u00f3.<\/li>\n<li>L\u2019\u00fas de bastons estar\u00e0 perm\u00e8s \u00fanicament amb l\u2019\u00fas de puntes de goma o taps en les puntes.<\/li>\n<li>Queda totalment prohibit tirar embolcalls o qualsevol tipus de restes, tant org\u00e0nics com no org\u00e0nics.<\/li>\n<li>L\u00b4\u00fas de pals estar\u00e0 perm\u00e9s \u00fanicament amb puntes de goma o taps.<\/li>\n<\/ul>\n<p><\/p>","protected":false},"excerpt":{"rendered":"<p>L\u2019October Trail Menorca est\u00e0 organitzada per Club Esportiu Biosport Menorca, i coordinat per Elitechip SL i Biosport Menorca. Tots els participants s\u2019han d\u2019afegir obligat\u00f2riament al Canal de Whatsapp \u2013 October Trail 2025. L\u2019enlla\u00e7 s\u2019enviar\u00e0 amb el justificant de l\u2019inscripci\u00f3. Aquest canal servir\u00e0 per emetre Comunicats oficials de cara a la Cursa i, en cas d\u2019urg\u00e8ncia, [&hellip;]<\/p>\n","protected":false},"author":1,"featured_media":0,"parent":0,"menu_order":0,"comment_status":"closed","ping_status":"closed","template":"","meta":{"spay_email":"","footnotes":""},"class_list":["post-1908","page","type-page","status-publish","hentry"],"acf":[],"jetpack-related-posts":[{"id":1902,"url":"https:\/\/illadelstrails.com\/ca\/programa-october-trail\/","url_meta":{"origin":1908,"position":0},"title":"Programa","date":"23 December, 2020","format":false,"excerpt":"Divendres 23 d'octubre de 2026 Recollida de dorsals. Hotel Lago Resort Menorca, en Cala'n Bosch De 16:00 a 21:00 hores Dissabte 24 d'octubre de 2026 8:15 hores\u00a0 Sortida del bus desde el Lago Resort Menorca cap a Son Bou, zona de sortida dels 32KM *. AQUI 8:15 hores Sortida del\u2026","rel":"","context":"Similar post","img":{"alt_text":"","src":"","width":0,"height":0},"classes":[]},{"id":1875,"url":"https:\/\/illadelstrails.com\/ca\/carrera-october-trail\/","url_meta":{"origin":1908,"position":1},"title":"Cursa","date":"23 December, 2020","format":false,"excerpt":"[vc_row full_width=\"stretch_row_content_no_spaces\" uniqid=\"5cd01026a5478\"][vc_column][\/vc_column][\/vc_row][vc_row full_width=\"stretch_row\" content_color=\"light\" css=\".vc_custom_1558330186888{padding-top: 85px !important;padding-bottom: 100px !important;}\" uniqid=\"5cd03094e1883\"][vc_column css_animation=\"fadeInLeft\" width=\"1\/2\" parallax=\"\" uniqid=\"5ce272ecf602a\"][vc_single_image image=\"1878\" img_size=\"full\"][\/vc_column][vc_column css_animation=\"fadeInRight\" width=\"1\/2\" parallax=\"\" uniqid=\"5ce272f7bc581\"][\/vc_column][\/vc_row][vc_row full_width=\"stretch_row\" background_parallax=\"on\" background_parallax_speed=\"0.8\" content_color=\"light\" bg_overlay=\"on\" color_overlay=\"\" gradient_overlay=\"\" uniqid=\"5cd122168957c\" background_image=\"1881\" overlay_bottom_offset=\"60\" css=\".vc_custom_1608715827876{padding-top: 30px !important;}\"][vc_column][\/vc_column][\/vc_row][vc_row full_width=\"stretch_row\" content_color=\"light\" bg_overlay=\"\" css=\".vc_custom_1608290197506{padding-top: 40px !important;padding-bottom: 40px !important;}\" uniqid=\"5cd1243cf84a7\"][vc_column][\/vc_column][\/vc_row][vc_row full_width=\"stretch_row\" content_color=\"light\" css=\".vc_custom_1557210858199{padding-bottom: 70px !important;}\" uniqid=\"5cc2c71703dd1\"][vc_column][\/vc_column][\/vc_row][vc_row][vc_column][\/vc_column][\/vc_row]","rel":"","context":"Similar post","img":{"alt_text":"","src":"","width":0,"height":0},"classes":[]},{"id":1897,"url":"https:\/\/illadelstrails.com\/ca\/presentacion-october-trail\/","url_meta":{"origin":1908,"position":2},"title":"Presentaci\u00f3","date":"23 December, 2020","format":false,"excerpt":"La October Trail Menorca tindr\u00e0 lloc el 24 d'octubre del 2026, una carrera de trail per la costa sud de Menorca seguint el Cam\u00ed de Cavalls amb les dist\u00e0ncies de 11KM, 19KM i 32KM. L'esdeveniment, amb inici a la urbanitzaci\u00f3 de Son Bou (Alaior), seguir\u00e0 el\u00a0Cam\u00ed\u00a0de\u00a0Cavalls\u00a0fins a la platja de\u00a0Calan\u00a0Bosch\u2026","rel":"","context":"Similar post","img":{"alt_text":"","src":"","width":0,"height":0},"classes":[]},{"id":1526,"url":"https:\/\/illadelstrails.com\/ca\/presentacion-trail-dels-fars\/","url_meta":{"origin":1908,"position":3},"title":"Presentaci\u00f3","date":"21 December, 2020","format":false,"excerpt":"Els 46 quil\u00f2metres que separen el far de Cavalleria de la l\u00ednia de meta de la Trail dels Fars a Menorca s\u00f3n una aventura per a tots els sentits. Una s\u00e8rie de diferents dist\u00e0ncies dins de la mateixa cursa que tindr\u00e0 lloc el dia 1 de febrer de 2026. No\u2026","rel":"","context":"Similar post","img":{"alt_text":"","src":"https:\/\/i0.wp.com\/illadelstrails.com\/wp-content\/uploads\/2020\/12\/foto_portada_1-scaled.jpg?fit=1200%2C844&ssl=1&resize=350%2C200","width":350,"height":200},"classes":[]},{"id":2713,"url":"https:\/\/illadelstrails.com\/ca\/presentacion-trail-del-nord\/","url_meta":{"origin":1908,"position":4},"title":"Presentaci\u00f3","date":"8 February, 2021","format":false,"excerpt":"La Trail del Nord torna oferint una nova aventura on no faltar\u00e0 el desnivell pels m\u00e9s preparats i on els participants de la Trail Popular tamb\u00e9 pujaran a Santa \u00c0gueda acabant a a Ferreries. Els 30 quil\u00f2metres, amb m\u00e9s de 700 metres de desnivell positiu, arrencaran al Cam\u00ed de Binimetl\u00b7l\u00e0\u2026","rel":"","context":"Similar post","img":{"alt_text":"","src":"","width":0,"height":0},"classes":[]},{"id":2704,"url":"https:\/\/illadelstrails.com\/ca\/carrera-trail-del-nord\/","url_meta":{"origin":1908,"position":5},"title":"Carrera","date":"8 February, 2021","format":false,"excerpt":"[vc_row full_width=\"stretch_row_content_no_spaces\" uniqid=\"5cd01026a5478\"][vc_column][\/vc_column][\/vc_row][vc_row full_width=\"stretch_row\" content_color=\"light\" css=\".vc_custom_1558330186888{padding-top: 85px !important;padding-bottom: 100px !important;}\" uniqid=\"5cd03094e1883\"][vc_column css_animation=\"fadeInLeft\" width=\"1\/2\" parallax=\"\" uniqid=\"5ce272ecf602a\"][vc_single_image image=\"2705\" img_size=\"full\"][\/vc_column][vc_column css_animation=\"fadeInRight\" width=\"1\/2\" parallax=\"\" uniqid=\"5ce272f7bc581\"][\/vc_column][\/vc_row][vc_row full_width=\"stretch_row\" background_parallax=\"on\" background_parallax_speed=\"0.8\" content_color=\"light\" bg_overlay=\"on\" color_overlay=\"\" gradient_overlay=\"\" uniqid=\"5cd122168957c\" background_image=\"2068\" overlay_bottom_offset=\"60\" css=\".vc_custom_1617375407315{padding-top: 30px !important;}\"][vc_column][\/vc_column][\/vc_row][vc_row full_width=\"stretch_row\" background_parallax=\"on\" background_parallax_speed=\"0.8\" content_color=\"light\" bg_overlay=\"on\" color_overlay=\"\" gradient_overlay=\"\" overlay_bottom_offset=\"60\" css=\".vc_custom_1642449605134{padding-top: 30px !important;}\" uniqid=\"61e5cab8c795e\"][vc_column][\/vc_column][\/vc_row][vc_row full_width=\"stretch_row\" content_color=\"light\" css=\".vc_custom_1557210858199{padding-bottom: 70px\u2026","rel":"","context":"Similar post","img":{"alt_text":"","src":"","width":0,"height":0},"classes":[]}],"_links":{"self":[{"href":"https:\/\/illadelstrails.com\/ca\/wp-json\/wp\/v2\/pages\/1908"}],"collection":[{"href":"https:\/\/illadelstrails.com\/ca\/wp-json\/wp\/v2\/pages"}],"about":[{"href":"https:\/\/illadelstrails.com\/ca\/wp-json\/wp\/v2\/types\/page"}],"author":[{"embeddable":true,"href":"https:\/\/illadelstrails.com\/ca\/wp-json\/wp\/v2\/users\/1"}],"replies":[{"embeddable":true,"href":"https:\/\/illadelstrails.com\/ca\/wp-json\/wp\/v2\/comments?post=1908"}],"version-history":[{"count":47,"href":"https:\/\/illadelstrails.com\/ca\/wp-json\/wp\/v2\/pages\/1908\/revisions"}],"predecessor-version":[{"id":6432,"href":"https:\/\/illadelstrails.com\/ca\/wp-json\/wp\/v2\/pages\/1908\/revisions\/6432"}],"wp:attachment":[{"href":"https:\/\/illadelstrails.com\/ca\/wp-json\/wp\/v2\/media?parent=1908"}],"curies":[{"name":"wp","href":"https:\/\/api.w.org\/{rel}","templated":true}]}}