{"id":1897,"date":"2020-12-23T12:18:55","date_gmt":"2020-12-23T10:18:55","guid":{"rendered":"https:\/\/illadelstrails.com\/?page_id=1897"},"modified":"2026-03-05T15:39:37","modified_gmt":"2026-03-05T13:39:37","slug":"presentacion-october-trail","status":"publish","type":"page","link":"https:\/\/illadelstrails.com\/ca\/presentacion-october-trail\/","title":{"rendered":"Presentaci\u00f3"},"content":{"rendered":"<p>La October Trail Menorca tindr\u00e0 lloc el 24 d&#8217;octubre del 2026, una carrera de trail per la costa sud de Menorca seguint el Cam\u00ed de Cavalls amb les dist\u00e0ncies de 11KM, 19KM i 32KM.<\/p>\n<p>L&#8217;esdeveniment, amb inici a la urbanitzaci\u00f3 de Son Bou (Alaior), seguir\u00e0 el\u00a0Cam\u00ed\u00a0de\u00a0Cavalls\u00a0fins a la platja de\u00a0Calan\u00a0Bosch (Ciutadella), on tindr\u00e0 lloc el lliurament de trofeus.<\/p>\n<p>La carrera arrencar\u00e0 el divendres 23 d&#8217;octubre amb la recepci\u00f3 i benvinguda a tots els participants, lliurament de dorsals de les proves. El dissabte 24 d&#8217;octubre tindr\u00e0 lloc l&#8217;inici de les carreres de trail.<\/p>\n<p>L&#8217;esdeveniment sorgeix a partir de la necessitat palpable entre els aficionats i professionals del Trail Running i\u00a0\u00a0Ttrekking, d&#8217;un esdeveniment a Menorca a l&#8217;octubre aprofitant que en aquest mes el clima \u00e9s perfecte per a la pr\u00e0ctica d&#8217;aquests tipus d&#8217;esport, a m\u00e9s de que el Cam\u00ed de Cavalls llueix amb la m\u00e0xima esplendor. El recorregut proposat per l&#8217;organitzaci\u00f3 segueix un dels trams m\u00e9s bonics i m\u00e9s atractius de l&#8217;Illa, ra\u00f3 per la qual creiem que es convertir\u00e0 en un producte potencial per als aficionats al Trail Runnning tant de l&#8217;Illa com de fora. Una cursa que compta amb el patrocini de la Fundaci\u00f3 Foment del Turisme de Menorca i que est\u00e0 cofinan\u00e7at amb l&#8217;Impost Tur\u00edstic Sostenible del Govern Balear.<\/p>","protected":false},"excerpt":{"rendered":"<p>La October Trail Menorca tindr\u00e0 lloc el 24 d&#8217;octubre del 2026, una carrera de trail per la costa sud de Menorca seguint el Cam\u00ed de Cavalls amb les dist\u00e0ncies de 11KM, 19KM i 32KM. L&#8217;esdeveniment, amb inici a la urbanitzaci\u00f3 de Son Bou (Alaior), seguir\u00e0 el\u00a0Cam\u00ed\u00a0de\u00a0Cavalls\u00a0fins a la platja de\u00a0Calan\u00a0Bosch (Ciutadella), on tindr\u00e0 lloc el [&hellip;]<\/p>\n","protected":false},"author":1,"featured_media":0,"parent":0,"menu_order":0,"comment_status":"closed","ping_status":"closed","template":"","meta":{"spay_email":"","footnotes":""},"class_list":["post-1897","page","type-page","status-publish","hentry"],"acf":[],"jetpack-related-posts":[{"id":1875,"url":"https:\/\/illadelstrails.com\/ca\/carrera-october-trail\/","url_meta":{"origin":1897,"position":0},"title":"Cursa","date":"23 December, 2020","format":false,"excerpt":"[vc_row full_width=\"stretch_row_content_no_spaces\" uniqid=\"5cd01026a5478\"][vc_column][\/vc_column][\/vc_row][vc_row full_width=\"stretch_row\" content_color=\"light\" css=\".vc_custom_1558330186888{padding-top: 85px !important;padding-bottom: 100px !important;}\" uniqid=\"5cd03094e1883\"][vc_column css_animation=\"fadeInLeft\" width=\"1\/2\" parallax=\"\" uniqid=\"5ce272ecf602a\"][vc_single_image image=\"1878\" img_size=\"full\"][\/vc_column][vc_column css_animation=\"fadeInRight\" width=\"1\/2\" parallax=\"\" uniqid=\"5ce272f7bc581\"][\/vc_column][\/vc_row][vc_row full_width=\"stretch_row\" background_parallax=\"on\" background_parallax_speed=\"0.8\" content_color=\"light\" bg_overlay=\"on\" color_overlay=\"\" gradient_overlay=\"\" uniqid=\"5cd122168957c\" background_image=\"1881\" overlay_bottom_offset=\"60\" css=\".vc_custom_1608715827876{padding-top: 30px !important;}\"][vc_column][\/vc_column][\/vc_row][vc_row full_width=\"stretch_row\" content_color=\"light\" bg_overlay=\"\" css=\".vc_custom_1608290197506{padding-top: 40px !important;padding-bottom: 40px !important;}\" uniqid=\"5cd1243cf84a7\"][vc_column][\/vc_column][\/vc_row][vc_row full_width=\"stretch_row\" content_color=\"light\" css=\".vc_custom_1557210858199{padding-bottom: 70px !important;}\" uniqid=\"5cc2c71703dd1\"][vc_column][\/vc_column][\/vc_row][vc_row][vc_column][\/vc_column][\/vc_row]","rel":"","context":"Similar post","img":{"alt_text":"","src":"","width":0,"height":0},"classes":[]},{"id":2713,"url":"https:\/\/illadelstrails.com\/ca\/presentacion-trail-del-nord\/","url_meta":{"origin":1897,"position":1},"title":"Presentaci\u00f3","date":"8 February, 2021","format":false,"excerpt":"La Trail del Nord torna oferint una nova aventura on no faltar\u00e0 el desnivell pels m\u00e9s preparats i on els participants de la Trail Popular tamb\u00e9 pujaran a Santa \u00c0gueda acabant a a Ferreries. Els 30 quil\u00f2metres, amb m\u00e9s de 700 metres de desnivell positiu, arrencaran al Cam\u00ed de Binimetl\u00b7l\u00e0\u2026","rel":"","context":"Similar post","img":{"alt_text":"","src":"","width":0,"height":0},"classes":[]},{"id":1908,"url":"https:\/\/illadelstrails.com\/ca\/reglamento-october-trail\/","url_meta":{"origin":1897,"position":2},"title":"Reglament","date":"23 December, 2020","format":false,"excerpt":"L\u2019October Trail Menorca est\u00e0 organitzada per Club Esportiu Biosport Menorca, i coordinat per Elitechip SL i Biosport Menorca. Tots els participants s\u2019han d\u2019afegir obligat\u00f2riament al Canal de Whatsapp \u2013 October Trail 2025. L\u2019enlla\u00e7 s\u2019enviar\u00e0 amb el justificant de l\u2019inscripci\u00f3. Aquest canal servir\u00e0 per emetre Comunicats oficials de cara a la\u2026","rel":"","context":"Similar post","img":{"alt_text":"","src":"","width":0,"height":0},"classes":[]},{"id":1526,"url":"https:\/\/illadelstrails.com\/ca\/presentacion-trail-dels-fars\/","url_meta":{"origin":1897,"position":3},"title":"Presentaci\u00f3","date":"21 December, 2020","format":false,"excerpt":"Els 46 quil\u00f2metres que separen el far de Cavalleria de la l\u00ednia de meta de la Trail dels Fars a Menorca s\u00f3n una aventura per a tots els sentits. Una s\u00e8rie de diferents dist\u00e0ncies dins de la mateixa cursa que tindr\u00e0 lloc el dia 1 de febrer de 2026. No\u2026","rel":"","context":"Similar post","img":{"alt_text":"","src":"https:\/\/i0.wp.com\/illadelstrails.com\/wp-content\/uploads\/2020\/12\/foto_portada_1-scaled.jpg?fit=1200%2C844&ssl=1&resize=350%2C200","width":350,"height":200},"classes":[]},{"id":2704,"url":"https:\/\/illadelstrails.com\/ca\/carrera-trail-del-nord\/","url_meta":{"origin":1897,"position":4},"title":"Carrera","date":"8 February, 2021","format":false,"excerpt":"[vc_row full_width=\"stretch_row_content_no_spaces\" uniqid=\"5cd01026a5478\"][vc_column][\/vc_column][\/vc_row][vc_row full_width=\"stretch_row\" content_color=\"light\" css=\".vc_custom_1558330186888{padding-top: 85px !important;padding-bottom: 100px !important;}\" uniqid=\"5cd03094e1883\"][vc_column css_animation=\"fadeInLeft\" width=\"1\/2\" parallax=\"\" uniqid=\"5ce272ecf602a\"][vc_single_image image=\"2705\" img_size=\"full\"][\/vc_column][vc_column css_animation=\"fadeInRight\" width=\"1\/2\" parallax=\"\" uniqid=\"5ce272f7bc581\"][\/vc_column][\/vc_row][vc_row full_width=\"stretch_row\" background_parallax=\"on\" background_parallax_speed=\"0.8\" content_color=\"light\" bg_overlay=\"on\" color_overlay=\"\" gradient_overlay=\"\" uniqid=\"5cd122168957c\" background_image=\"2068\" overlay_bottom_offset=\"60\" css=\".vc_custom_1617375407315{padding-top: 30px !important;}\"][vc_column][\/vc_column][\/vc_row][vc_row full_width=\"stretch_row\" background_parallax=\"on\" background_parallax_speed=\"0.8\" content_color=\"light\" bg_overlay=\"on\" color_overlay=\"\" gradient_overlay=\"\" overlay_bottom_offset=\"60\" css=\".vc_custom_1642449605134{padding-top: 30px !important;}\" uniqid=\"61e5cab8c795e\"][vc_column][\/vc_column][\/vc_row][vc_row full_width=\"stretch_row\" content_color=\"light\" css=\".vc_custom_1557210858199{padding-bottom: 70px\u2026","rel":"","context":"Similar post","img":{"alt_text":"","src":"","width":0,"height":0},"classes":[]},{"id":1902,"url":"https:\/\/illadelstrails.com\/ca\/programa-october-trail\/","url_meta":{"origin":1897,"position":5},"title":"Programa","date":"23 December, 2020","format":false,"excerpt":"Divendres 23 d'octubre de 2026 Recollida de dorsals. Hotel Lago Resort Menorca, en Cala'n Bosch De 16:00 a 21:00 hores Dissabte 24 d'octubre de 2026 8:15 hores\u00a0 Sortida del bus desde el Lago Resort Menorca cap a Son Bou, zona de sortida dels 32KM *. AQUI 8:15 hores Sortida del\u2026","rel":"","context":"Similar post","img":{"alt_text":"","src":"","width":0,"height":0},"classes":[]}],"_links":{"self":[{"href":"https:\/\/illadelstrails.com\/ca\/wp-json\/wp\/v2\/pages\/1897"}],"collection":[{"href":"https:\/\/illadelstrails.com\/ca\/wp-json\/wp\/v2\/pages"}],"about":[{"href":"https:\/\/illadelstrails.com\/ca\/wp-json\/wp\/v2\/types\/page"}],"author":[{"embeddable":true,"href":"https:\/\/illadelstrails.com\/ca\/wp-json\/wp\/v2\/users\/1"}],"replies":[{"embeddable":true,"href":"https:\/\/illadelstrails.com\/ca\/wp-json\/wp\/v2\/comments?post=1897"}],"version-history":[{"count":10,"href":"https:\/\/illadelstrails.com\/ca\/wp-json\/wp\/v2\/pages\/1897\/revisions"}],"predecessor-version":[{"id":6430,"href":"https:\/\/illadelstrails.com\/ca\/wp-json\/wp\/v2\/pages\/1897\/revisions\/6430"}],"wp:attachment":[{"href":"https:\/\/illadelstrails.com\/ca\/wp-json\/wp\/v2\/media?parent=1897"}],"curies":[{"name":"wp","href":"https:\/\/api.w.org\/{rel}","templated":true}]}}