{"id":1544,"date":"2020-12-21T10:53:31","date_gmt":"2020-12-21T08:53:31","guid":{"rendered":"https:\/\/illadelstrails.com\/?page_id=1544"},"modified":"2025-11-25T12:54:25","modified_gmt":"2025-11-25T10:54:25","slug":"reglamento-trail-dels-fars","status":"publish","type":"page","link":"https:\/\/illadelstrails.com\/ca\/reglamento-trail-dels-fars\/","title":{"rendered":"Reglament"},"content":{"rendered":"<p><\/p>\n<ol>\n<li>El Trail dels Fars est\u00e0 organitzada per Elitechip SL. amb la intenci\u00f3 de tornar als origens del trail a Menorca. Una prova \u00fanica, un recorregut dur, i exclusiu per gaudir durant la cursa.<\/li>\n<li>El Trail dels Fars es disputar\u00e0 el 1 de febrer de 2026 i constar\u00e0 de 3 proves el diumenge, la Marat\u00f3 amb sortida al Far de Cavalleria i arribada a Ciutadella (46 Km.). La Mitja Marat\u00f3 (21km) amb sortida a l\u2019aparcament de La Vall, fins Ciutadella i una cursa popular (12km) entre Son Morell i Ciutadella. Les tres arribades seran a la Piscina Municipal Tita Llorens de Ciutadella.<\/li>\n<li>La inscripci\u00f3 a la prova implica l\u2019acceptaci\u00f3 total d\u2019aquest reglament. <strong>Les inscripcions s\u2019obriran el 25 de novembre de 2025 i es tancaran el dia 15 de gener de 2026 o en cobrir totes les inscripcions ofertes per dist\u00e0ncia\u2019<\/strong><\/li>\n<li>S&#8217;habilitar\u00e0 un rang de preus d\u2019inscripci\u00f3 vinculats al nombre d\u2019inscrits, proposant un primer per\u00edode al preu de sortida de 200 places en el c\u00f2mput global de totes les proves. Un cop es completin les primeres 200 places, s\u2019obrir\u00e0 un segon tram amb 299 places m\u00e9s, o sigui fins a 500 places en total. I un cop s\u2019hagi complert aquest tram, s\u2019obrir\u00e0 un tercer tram de preus fins a completar les 1.000 inscripcions previstes. Preus:<\/li>\n<\/ol>\n<p><span style=\"color: #b8cd25;\">Trail dels Fars 46KM<\/span><\/p>\n<ul>\n<li>45 \u20ac de la primera inscripci\u00f3 a la 200 entre totes les dist\u00e0ncies.<\/li>\n<li>60 \u20ac de la inscripci\u00f3 201 a la 500 entre totes les dist\u00e0ncies.<\/li>\n<li>75 \u20ac de la inscripci\u00f3 501 a la 1.000 entre totes les dist\u00e0ncies.<\/li>\n<\/ul>\n<p><span style=\"color: #b8cd25;\">Mitja Marat\u00f3 Trail dels Fars 21KM<\/span><\/p>\n<ul>\n<li>25 \u20ac de la primera inscripci\u00f3 a la 200 entre totes les dist\u00e0ncies.<\/li>\n<li>35 \u20ac de la inscripci\u00f3 201 a la 500 entre totes les dist\u00e0ncies.<\/li>\n<li>45 \u20ac de la inscripci\u00f3 501 a la 1.000 entre totes les dist\u00e0ncies.<\/li>\n<\/ul>\n<p><span style=\"color: #b8cd25;\">Cursa Popular 12KM<\/span><\/p>\n<ul>\n<li>18 \u20ac de la primera inscripci\u00f3 a la 200 entre totes les dist\u00e0ncies.<\/li>\n<li>25 \u20ac de la inscripci\u00f3 201 a la 500 entre totes les dist\u00e0ncies.<\/li>\n<li>33 \u20ac de la inscripci\u00f3 501 a la 1.000 entre totes les dist\u00e0ncies.<\/li>\n<\/ul>\n<ol start=\"5\">\n<li>Els atletes no federats en la Federaci\u00f3 Balear d\u2019Atletisme hauran de contractar una asseguran\u00e7a d\u2019un dia per a la prova que oferim en el proc\u00e9s d\u2019inscripci\u00f3 o en el moment de la retirada del dorsal. El cost de l\u2019asseguran\u00e7a \u00e9s de 5\u20ac.<\/li>\n<li>La participaci\u00f3 estar\u00e0 oberta a totes aquelles persones que omplin correctament la INSCRIPCI\u00d3 i el pagament relacionat amb la seva modalitat de cursa. L\u2019edat m\u00ednima de participaci\u00f3 ser\u00e0 de 18 anys fets el mateix dia de la cursa i no es permet la participaci\u00f3 a cap menor d\u2019edat a la Trail dels Fars 46KM i a la Mitja Marat\u00f3 dels Fars \u2013 21KM.<\/li>\n<\/ol>\n<p>Al cas de la cursa popular els participants hauran de, com a m\u00ednim, tenir fets els 15 anys el mateix dia de la cursa amb l\u2019autoritzaci\u00f3 paterna degudament complimentada i entregada en la recollida de dorsals. L\u2019\u00fas de bastons estar\u00e0 perm\u00e8s \u00fanicament amb l\u2019\u00fas de puntes de goma o taps en les puntes.<\/p>\n<ol start=\"8\">\n<li><strong>La inscripci\u00f3 inclou:<\/strong><\/li>\n<\/ol>\n<ul>\n<li>Participaci\u00f3 a la prova.<\/li>\n<li>Obsequi regal de la prova -Samarreta tecnica<\/li>\n<li>Avituallament durant i al final de la prova<\/li>\n<li>Seguiment en l\u00ednia a trav\u00e9s dels punts de control.<\/li>\n<li>Serveis de dutxes i vestuari.<\/li>\n<li>Medalla de finisher.<\/li>\n<li>Servei d\u2019autob\u00fas de trasllat des de la Piscina Municipal de Ciutadella fins a les sortides de les tres dist\u00e0ncies.<\/li>\n<li>Servei de guarda-roba<\/li>\n<li>Servei de bus de trasllat des de les pistes de tennis des Mercadal fins la sortida de Cavalleria. Nom\u00e9s per participants dels 46 quil\u00f2metres.<\/li>\n<\/ul>\n<ol start=\"9\">\n<li><strong>Sancions:<\/strong><\/li>\n<\/ol>\n<p>El corredor haur\u00e0 de portar el dorsal facilitat per l\u2019organitzaci\u00f3 en tot moment, en un lloc visible en la part davantera, no podent ser retallat, doblegat ni modificat. L\u2019INCOMPLIMENT D\u2019AQUEST PUNT, IMPLICAR\u00c0 UNA SANCI\u00d3 IMMEDIATA AL CORREDOR. Sortir del tra\u00e7at per a escur\u00e7ar dist\u00e0ncies:<\/p>\n<ul>\n<li>Primera sanci\u00f3: 15 minuts<\/li>\n<li>Segona sanci\u00f3: 30 minuts<\/li>\n<li>Tercera sanci\u00f3: Descalificaci\u00f3<\/li>\n<\/ul>\n<p>Tirar qualsevol tipus d\u2019escombraries, trobar restes amb el n\u00famero de dorsal o no portar el n\u00famero de dorsal apuntat en els embolcalls de barretes i gels:<\/p>\n<ul>\n<li>Primera sanci\u00f3: 30 minuts<\/li>\n<li>Segona sanci\u00f3: 1 hora<\/li>\n<li>Tercera sanci\u00f3: Descalificaci\u00f3<\/li>\n<\/ul>\n<p>C\u00f3rrer en qualsevol moment acompanyat d\u2019alguna persona sense dorsal implicar\u00e0 la DESQUALIFICACI\u00d3 IMMEDIATA.<\/p>\n<p>9. Lliurament de dorsals. Aqu\u00ed tens els dies, els horaris i els llocs de lliurament dels dorsals:<\/p>\n<ul>\n<li>Dijous 29 de Gener de 17:00 h a 19:30 h Al polisportiu Municipal de Ma\u00f3<\/li>\n<li>Divendres 30 de Gener, de 17:00 h a 19:30 h al Polisportiu Municipal des Mercadal<\/li>\n<li>Dissabte dia 31 de Gener de 17:00 a 20:00 h al polisportiu Municipal Albert Torres de Ciutadella<\/li>\n<li>El mateix dia de la prova no es donaran dorsals, salvo petici\u00f3 expressa via mail a contacto@elitechip.net<\/li>\n<li>Es far\u00e0 una breu sessi\u00f3 informativa a l\u2019inici de cada prova.<\/li>\n<\/ul>\n<p><strong>10.\u00a0<\/strong>Cancel\u00b7lacions i modificacions de la inscripci\u00f3<\/p>\n<p>\u2022 Nom\u00e9s s\u2019admetran cancel\u00b7lacions a la prova als participants inscrits que ho comuniquin abans del 20 de gener de 2026 a l\u2019adre\u00e7a electr\u00f2nica contacto@elitechip.net. Nom\u00e9s es podr\u00e0 passar la inscripci\u00f3 a l\u2019any seg\u00fcent amb un cost de gesti\u00f3 de 3 euros.<\/p>\n<p>\u2022 En cas que la prova hagi de suspendre\u2019s, cancel\u00b7lar-se o no pugui celebrar-se a causa de factors externs inherents a l\u2019organitzaci\u00f3, com ara alertes Taronja o vermella per motius meteorol\u00f2gics, motius sanitaris, pand\u00e8mies, denegacions d\u2019autoritzacions, o que els serveis d\u2019emerg\u00e8ncia no puguin cobrir la prova per altres emerg\u00e8ncies greus, com ara un incendi, un ensorrament. Que el tra\u00e7at del Cam\u00ed de Cavalls no pugui utilitzar-se a causa d\u2019un incendi forestal, o sigui intransitable a causa de la caiguda d\u2019arbres, inundacions, o motius meteorol\u00f2gics o qualsevol altra incid\u00e8ncia de la qual l\u2019organitzaci\u00f3 no sigui responsable directament, l\u2019organitzaci\u00f3 es reserva el dret de poder modificar recorreguts, anul\u00b7lar trams o simplement cancel\u00b7lar la prova, sense dret a indemnitzaci\u00f3 alguna o devoluci\u00f3 dels imports d\u2019inscripci\u00f3 per part de l\u2019organitzaci\u00f3 cap als inscrits; no obstant aix\u00f2, l\u2019organitzaci\u00f3 intentar\u00e0 oferir les millors alternatives en casos extrems i molt poc probables com els exposats.<\/p>\n<p><strong>11. Cessi\u00f3 de dorsal<\/strong><\/p>\n<p>S\u2019admetran cessions de dorsals fins al dia 20 de gener de 2026. El cost de les cessions ser\u00e0 de 10 \u20ac, independentment de si hi ha canvi de dist\u00e0ncia.<\/p>\n<ul>\n<li>En cas que el nou participant desitgi participar en una dist\u00e0ncia superior, a part del cost de cessi\u00f3 de dorsal haur\u00e0 d\u2019abonar la difer\u00e8ncia de preu de la dist\u00e0ncia.<\/li>\n<li>En cas que el nou participant desitgi participar en una dist\u00e0ncia menor, haur\u00e0 d\u2019abonar el cost de cessi\u00f3 de dorsal, i nom\u00e9s es retornar\u00e0 la difer\u00e8ncia dels imports en sol\u00b7licituds presentades abans del dia 20 de gener de 2026.<\/li>\n<\/ul>\n<p><strong>12. Canvis de dist\u00e0ncia. <\/strong><\/p>\n<ul>\n<li>S\u2019admetran canvis de dist\u00e0ncia en totes les proves fins al dia 20 de gener de 2026, el cost de la gesti\u00f3 ser\u00e0 de 5 \u20ac.<\/li>\n<li>En cas que el participant vulgui participar en una dist\u00e0ncia superior, a m\u00e9s del cost de les despeses de gesti\u00f3 del canvi de dist\u00e0ncia haur\u00e0 d\u2019abonar la difer\u00e8ncia de preu de la dist\u00e0ncia.<\/li>\n<li>En cas que el participant vulgui participar en una dist\u00e0ncia menor, haur\u00e0 d\u2019abonar el cost de les despeses de gesti\u00f3, i nom\u00e9s es retornar\u00e0 la difer\u00e8ncia dels imports en sol\u00b7licituds presentades abans del dia 20 de gener de 2026.<\/li>\n<\/ul>\n<p><strong><strong>13. Entrega de dorsals:<\/strong><\/strong><\/p>\n<ul>\n<li>Dijous 29 de Gener de 17:00 h a 19:30 h Al polisportiu Municipal de Ma\u00f3<\/li>\n<li>Divendres 30 de Gener, de 17:00 h a 19:30 h al Polisportiu Municipal des Mercadal<\/li>\n<li>Dissabte dia 31 de Gener de 17:00 a 20:00 h al polisportiu Municipal Albert Torres de Ciutadella<\/li>\n<li>El mateix dia de la prova no es donaran dorsals, salvo petici\u00f3 expressa via mail a contacto@elitechip.net<\/li>\n<li>Es far\u00e0 una breu sessi\u00f3 informativa a l\u2019inici de cada prova.<\/li>\n<\/ul>\n<p>14. La prova estar\u00e0 controlada de manera electr\u00f2nica mitjan\u00e7ant el sistema de xip de MyLaps. Tots els participants que no posseeixin un xip groc hauran d\u2019adquirir un xip reutilitzable (3\u20ac per xip). En el proc\u00e9s d\u2019inscripci\u00f3 s\u2019ofereix aquesta possibilitat. Els participants hauran de portar el xip durant tot el recorregut, situant-lo la sabatilla del corredor, ja que, en el cas contrari, les lectures dels temps no es realitzaran correctament. L\u2019organitzaci\u00f3 situar\u00e0 controls al llarg de la carrera per a assegurar-se que els corredors completin el recorregut, a m\u00e9s de registrar els temps de de cadascun.<\/p>\n<p>15. El recorregut de la carrera estar\u00e0 senyalitzat amb les fites del GR-223 en el tram que discorrer\u00e0 pel Cam\u00ed de Cavalls, i cintes d\u2019abalisament juntament amb fletxes en els camins p\u00fablics i privats pels quals passi la carrera.<\/p>\n<p>16. Qualsevol corredor que abandoni la prova durant el transcurs d\u2019aquesta, haur\u00e0 d\u2019abandonar en un avituallament i fer lliurament del dorsal, en cas que no es retiri en un punt d\u2019avituallament est\u00e0 OBLIGAT a avisar a l\u2019organitzaci\u00f3.<\/p>\n<p>17. L\u2019organitzaci\u00f3 posar\u00e0 a la disposici\u00f3 de tots els participants diversos avituallaments repartits en tot el recorregut amb aigua, isot\u00f2nic, menjar i fruita, a m\u00e9s d\u2019altres productes que pugui posar l\u2019organitzaci\u00f3. <strong>Cada corredor haur\u00e0 de portar el seu propi got ja que per a minimitzar l\u2019impacte ambiental no se serviran gots en els avituallaments.<\/strong><\/p>\n<p>18. Est\u00e0 totalment prohibit rebre ajuda externa o avituallament durant el desenvolupament de la prova fora dels punts disposats per l\u2019organitzaci\u00f3, en els avituallaments. Durant el transcurs de la carrera, els participants hauran de fer cas als membres de l\u2019organitzaci\u00f3 de la prova en tot moment. El no compliment d\u2019aquest punt implicar\u00e0 la desqualificaci\u00f3 immediata.<\/p>\n<p>19. L\u2019organitzaci\u00f3 podr\u00e0 utilitzar imatges, v\u00eddeos i so dels participants durant la prova, incloent-hi moments previs i posteriors, des de la recollida de dorsals, lliurament de premis i trasllat dels participants i sense cap l\u00edmit temporal per a utilitzar-los.<\/p>\n<p>20. Qualsevol atleta que vulgui fer una reclamaci\u00f3 haur\u00e0 de presentar-la per escrit amb una fian\u00e7a de 50 \u20ac, perqu\u00e8 sigui admesa a tr\u00e0mit, la fian\u00e7a nom\u00e9s ser\u00e0 retornada en el cas que aquesta reclamaci\u00f3 sigui favorable al reclamant.<\/p>\n<p>21. El temps l\u00edmit per a finalitzar la Trail dels Fars ser\u00e0 de 7 hores. La resta de les proves estaran subjectes al temps de tall de la Trail dels Fars. El participant que en algun control superi el temps de tall ser\u00e0 retirat, en cas de voler seguir en la prova haur\u00e0 de lliurar el dorsal i seguir sota la seva pr\u00f2pia responsabilitat.<\/p>\n<p><strong>Talls de cursa per la Trail dels Fars (la resta de curses estaran subjectes als temps de talls):<\/strong><\/p>\n<ul>\n<li>Avituallament 1 Binimel\u00b7l\u00e0 (a 6,8 km del Far Cavalleria): 1 hora.<\/li>\n<li>Avituallament 2 Al\u00b7locs (a 15,7 km del Far Cavalleria): 2 hores 30 minuts.<\/li>\n<li>Avituallament 3 La Vall (a 25 km del Far Cavalleria): 4 hores.<\/li>\n<li>Avituallament 4 Son Morell (a 30 km del Far Cavalleria): 5 hores.<\/li>\n<li>Avituallament 5 Far Nati (a 38,3 km del Far Cavalleria): 6 hores.<\/li>\n<li>META Piscina Municipal de Ciutadella (a 46km del Far de Cavalleria): 7 hores<\/li>\n<\/ul>\n<p>22. Els horaris de sortida de les proves seran les seg\u00fcents:<\/p>\n<h3><span style=\"color: #b8cd25;\"><strong>Diumenge 1 de febrer de 2026<\/strong><\/span><\/h3>\n<ul>\n<li>Marat\u00f3n Trail dels Fars sortida a les 8.00 hores des del Far de Cavalleria.<\/li>\n<li>Mitja Marat\u00f3 Trail dels Fars sortida a les 10.30 hores des del Algaiarens.<\/li>\n<li>Cursa popular sortida a les 12.00 hores des del cam\u00ed de Son Morell.<\/li>\n<\/ul>\n<p>A cada sortida hi haur\u00e0 servei de guarda-roba i les bosses es retornaran en la zona de meta.<\/p>\n<p>23. Per poder participar la organitzaci\u00f3 estableix un material obligatori que cada atleta haur\u00e0 de portar a la Marat\u00f3 i a la Mitja Marat\u00f3:<\/p>\n<ul>\n<li>Sistema d\u2019hidrataci\u00f3 amb capacitat m\u00ednima de 0,50 L (no es donaran gots als avituallaments).<\/li>\n<li>Telefon m\u00f2vil amb saldo i bateria.<\/li>\n<li>Cada participant ha de portar el seu n\u00famero de dorsal a tots els gels i barretes.<\/li>\n<li>Manta t\u00e8rmica.<\/li>\n<li>Dorsal i chip.<\/li>\n<li>L\u2019organitzaci\u00f3 comunicar\u00e0, si ho creu oport\u00fa, el seg\u00fcent material de manera obligat\u00f2ria per totes les dist\u00e0ncies:<\/li>\n<li>Manta t\u00e8rmica<\/li>\n<li>Paravents o jaqueta impermeable.Abans de la sortida de la prova es realitzar\u00e0 un control del material obligatori.<\/li>\n<\/ul>\n<p>24. Les categories de la prova seran:<\/p>\n<p><strong>Trail des Fars (Marat\u00f3)<\/strong><\/p>\n<ul>\n<li>Absolut Mascul\u00ed i Femen\u00ed<\/li>\n<li>S\u00e9nior Mascul\u00ed i Femen\u00ed<\/li>\n<li>Sub-23 Mascul\u00ed i Femen\u00ed<\/li>\n<li>Veterans M-40 i Veteranes F-40<\/li>\n<li>Veterans M50 i Veteranes F-50<\/li>\n<li>Veterans M60 i Veteranes F-60<\/li>\n<\/ul>\n<p><strong>Trail des Fars (Mitja Marat\u00f3)<\/strong><\/p>\n<ul>\n<li>Absolut Mascul\u00ed i Femen\u00ed<\/li>\n<\/ul>\n<p><strong>Cursa popular<\/strong><\/p>\n<ul>\n<li>Absolut Mascul\u00ed i Femen\u00ed<\/li>\n<\/ul>\n<p>25. El bus est\u00e0 incl\u00f2s en el preu d\u2019inscripci\u00f3. El servei d\u2019autob\u00fas fins a la l\u00ednia de sortida es concentrar\u00e0 al costat de la Piscina Municipal de Ciutadella. A totes les sortides, nom\u00e9s s\u2019hi podr\u00e0 accedir amb vehicles de l\u2019organitzaci\u00f3. Horaris de busos:<\/p>\n<h3><span style=\"color: #b8cd25;\"><strong>Diumenge 1 de febrer de 2026<\/strong><\/span><\/h3>\n<ul>\n<li>Marat\u00f3 Trail dels Fars a les 6:45 h.<\/li>\n<li>Marat\u00f3 Trail dels Fars a les 7:00 h. A la pista de tennis des Mercadal. (Nom\u00e9s per participants de la marat\u00f3)<\/li>\n<li>Mitja Marat\u00f3 Trail dels Fars a les 9:15 h.<\/li>\n<li>Cursa popular a les 11:15 h.<\/li>\n<\/ul>\n<p><strong>26. Normes AMBIENTALS:<\/strong>\u00a0La participaci\u00f3 en la prova implica el coneixement i l\u2019acceptaci\u00f3 d\u2019aquestes normes de car\u00e0cter especial cap al medi ambient: Una part de la prova es desenvolupa a l\u2019interior d\u2019espais protegits que alberguen una flora i una fauna sensible i vulnerable i en la qual els participants han d\u2019actuar amb cura i responsabilitat. Aquests espais estaran degudament identificats amb un cartell: Zona Natural Fr\u00e0gil. I s\u00f3n:<\/p>\n<ul>\n<li>Sistema dunar de Cavalleria i Cala Mica.<\/li>\n<li>Sistema dunar de Binimel\u00b7l\u00e0 \u2013 Cala Pregond\u00f3<\/li>\n<li>Sistema dunar de Cala Pilar Zona boscosa entre el macar Alforinet i Cala Ses Fontanelles<\/li>\n<li>Tram compres entre Ses Ancoll\u00e8s i l\u2019aer\u00f2drom de Son Anglad\u00f3 (Cala Morell)A aquestes zones NO ES POT:<\/li>\n<li>Utilitzar cap mena d\u2019element sonor que pugui produir sorolls estridents.<\/li>\n<li>Sortir del tra\u00e7at marcat.<\/li>\n<li>Cridar o emetre sons o sorolls forts.<\/li>\n<li>Est\u00e0 prohibit tirar envasos, embolcalls i qualsevol tipus d\u2019escombraries o resta.<\/li>\n<li>Cada participant haur\u00e0 de senyalitzar els seus gels, barretes, etc. amb el seu n\u00famero del dorsal.<\/li>\n<li>Si es troba un embolcall, el corredor podr\u00e0 ser sancionat.<\/li>\n<li>L\u2019\u00fas de bastons estar\u00e0 perm\u00e8s \u00fanicament amb l\u2019\u00fas de puntes de goma o taps en les puntes.<\/li>\n<\/ul>\n<p><\/p>","protected":false},"excerpt":{"rendered":"<p>El Trail dels Fars est\u00e0 organitzada per Elitechip SL. amb la intenci\u00f3 de tornar als origens del trail a Menorca. Una prova \u00fanica, un recorregut dur, i exclusiu per gaudir durant la cursa. El Trail dels Fars es disputar\u00e0 el 1 de febrer de 2026 i constar\u00e0 de 3 proves el diumenge, la Marat\u00f3 amb [&hellip;]<\/p>\n","protected":false},"author":1,"featured_media":0,"parent":0,"menu_order":0,"comment_status":"closed","ping_status":"closed","template":"","meta":{"spay_email":"","footnotes":""},"class_list":["post-1544","page","type-page","status-publish","hentry"],"acf":[],"jetpack-related-posts":[{"id":1528,"url":"https:\/\/illadelstrails.com\/ca\/programa-trail-dels-fars\/","url_meta":{"origin":1544,"position":0},"title":"Programa","date":"21 December, 2020","format":false,"excerpt":"Dijous 29 de gener de 2025 Recollida de dorsals pels atletas que ho van demanar al moment de la inscripci\u00f3. Poliesportiu Municipal de Ma\u00f3 De 17.00 a 19.30 horas. Divendres 30 de gener de 2025 Recollida de dorsals pels atletas que ho van demanar al moment de la inscripci\u00f3. Poliesportiu\u2026","rel":"","context":"Similar post","img":{"alt_text":"","src":"","width":0,"height":0},"classes":[]},{"id":1426,"url":"https:\/\/illadelstrails.com\/ca\/carrera-trail-dels-fars\/","url_meta":{"origin":1544,"position":1},"title":"Cursa","date":"12 December, 2020","format":false,"excerpt":"[vc_row full_width=\"stretch_row_content_no_spaces\" uniqid=\"5cd01026a5478\"][vc_column][\/vc_column][\/vc_row][vc_row full_width=\"stretch_row\" content_color=\"light\" css=\".vc_custom_1558330186888{padding-top: 85px !important;padding-bottom: 100px !important;}\" uniqid=\"5cd03094e1883\"][vc_column css_animation=\"fadeInLeft\" width=\"1\/2\" parallax=\"\" uniqid=\"5ce272ecf602a\"][vc_single_image image=\"3368\" img_size=\"full\"][\/vc_column][vc_column css_animation=\"fadeInRight\" width=\"1\/2\" parallax=\"\" uniqid=\"5ce272f7bc581\"][\/vc_column][\/vc_row][vc_row full_width=\"stretch_row\" background_parallax=\"on\" background_parallax_speed=\"0.8\" content_color=\"light\" bg_overlay=\"on\" color_overlay=\"\" gradient_overlay=\"\" uniqid=\"5cd122168957c\" background_image=\"1445\" overlay_bottom_offset=\"60\" css=\".vc_custom_1608285756968{padding-top: 30px !important;}\"][vc_column][\/vc_column][\/vc_row][vc_row full_width=\"stretch_row\" content_color=\"light\" bg_overlay=\"\" css=\".vc_custom_1608290197506{padding-top: 40px !important;padding-bottom: 40px !important;}\" uniqid=\"5cd1243cf84a7\"][vc_column][\/vc_column][\/vc_row][vc_row full_width=\"stretch_row\" content_color=\"light\" css=\".vc_custom_1557210858199{padding-bottom: 70px !important;}\" uniqid=\"5cc2c71703dd1\"][vc_column][\/vc_column][\/vc_row][vc_row][vc_column][\/vc_column][\/vc_row]","rel":"","context":"Similar post","img":{"alt_text":"","src":"","width":0,"height":0},"classes":[]},{"id":2563,"url":"https:\/\/illadelstrails.com\/ca\/reglamento-trail-dels-barrancs\/","url_meta":{"origin":1544,"position":2},"title":"Reglament","date":"31 December, 2020","format":false,"excerpt":"Art 1.-El Trail dels Barrancs est\u00e0 organitzada per Xtrem Menorca Atletisme, i coordinat per Elitechip SL i Biosport Menorca. Art 2.- El Trail dels Barrancs es disputar\u00e0 el 24 d'abril de 2022 i constar\u00e0 de 3 proves, la Trail dels Barrancs (38 km) amb sortida i arribada en el municipi\u2026","rel":"","context":"Similar post","img":{"alt_text":"","src":"","width":0,"height":0},"classes":[]},{"id":2528,"url":"https:\/\/illadelstrails.com\/ca\/recorrido-trail-dels-fars\/","url_meta":{"origin":1544,"position":3},"title":"Recorregut","date":"29 December, 2020","format":false,"excerpt":"[vc_row][vc_column][vc_single_image image=\"5587\" img_size=\"full\" css_animation=\"fadeInLeft\"][vc_column_text]Els 46 quil\u00f2metres que separen el far de Cavalleria de la l\u00ednia de meta de la Trail dels Fars a Menorca s\u00f3n una aventura per a tots els sentits. Una s\u00e8rie de diferents dist\u00e0ncies dins de la mateixa cursa. No perqu\u00e8 vari\u00ef el recorregut, majorit\u00e0riament pegat a\u2026","rel":"","context":"Similar post","img":{"alt_text":"","src":"","width":0,"height":0},"classes":[]},{"id":2813,"url":"https:\/\/illadelstrails.com\/ca\/clasificacion-puntuacion\/","url_meta":{"origin":1544,"position":4},"title":"Clasificaci\u00f3: Puntuaci\u00f3","date":"15 March, 2021","format":false,"excerpt":"Les classificacions de cada nivell s\u00f3n independents dels altres nivells, i en cap cas s'acumularan punts d'un nivell superior o inferior. L'algoritme que s'aplicar\u00e0 per a calcular els punts de cada corredor de cadascun dels diferents nivells en la Illa dels Trails s'obtindr\u00e0 de l'equaci\u00f3 Temps del primer classificat entre\u2026","rel":"","context":"Similar post","img":{"alt_text":"","src":"","width":0,"height":0},"classes":[]},{"id":2495,"url":"https:\/\/illadelstrails.com\/ca\/programa-nocturna\/","url_meta":{"origin":1544,"position":5},"title":"Programa","date":"29 December, 2020","format":false,"excerpt":"Dijous 26 de setembre de 2024 Recollida de dorsals pels atletes que ho van demanar en el moment de la inscripci\u00f3. Poliesportiu Municipal de Sant Llu\u00eds De 8.00 a 14.00 hores De 15.30 a 23.00 hores Poliesportiu Municipal des Mercadal De 8.00 a 13.00 hores De 16.00 a 22.00 hores\u2026","rel":"","context":"Similar post","img":{"alt_text":"","src":"","width":0,"height":0},"classes":[]}],"_links":{"self":[{"href":"https:\/\/illadelstrails.com\/ca\/wp-json\/wp\/v2\/pages\/1544"}],"collection":[{"href":"https:\/\/illadelstrails.com\/ca\/wp-json\/wp\/v2\/pages"}],"about":[{"href":"https:\/\/illadelstrails.com\/ca\/wp-json\/wp\/v2\/types\/page"}],"author":[{"embeddable":true,"href":"https:\/\/illadelstrails.com\/ca\/wp-json\/wp\/v2\/users\/1"}],"replies":[{"embeddable":true,"href":"https:\/\/illadelstrails.com\/ca\/wp-json\/wp\/v2\/comments?post=1544"}],"version-history":[{"count":31,"href":"https:\/\/illadelstrails.com\/ca\/wp-json\/wp\/v2\/pages\/1544\/revisions"}],"predecessor-version":[{"id":6409,"href":"https:\/\/illadelstrails.com\/ca\/wp-json\/wp\/v2\/pages\/1544\/revisions\/6409"}],"wp:attachment":[{"href":"https:\/\/illadelstrails.com\/ca\/wp-json\/wp\/v2\/media?parent=1544"}],"curies":[{"name":"wp","href":"https:\/\/api.w.org\/{rel}","templated":true}]}}